{"id":161,"date":"2026-02-11T23:54:45","date_gmt":"2026-02-11T23:54:45","guid":{"rendered":"https:\/\/aktiv-fotobox.de\/?page_id=161"},"modified":"2026-02-20T21:15:20","modified_gmt":"2026-02-20T21:15:20","slug":"fotobox-mieten","status":"publish","type":"page","link":"http:\/\/aktiv-fotobox.de\/?page_id=161","title":{"rendered":"Fotobox &#8211; mieten"},"content":{"rendered":"<p><div class=\"fusion-fullwidth fullwidth-box fusion-builder-row-1 fusion-flex-container has-pattern-background has-mask-background nonhundred-percent-fullwidth non-hundred-percent-height-scrolling\" style=\"--awb-border-radius-top-left:0px;--awb-border-radius-top-right:0px;--awb-border-radius-bottom-right:0px;--awb-border-radius-bottom-left:0px;--awb-flex-wrap:wrap;\" ><div class=\"fusion-builder-row fusion-row fusion-flex-align-items-flex-start fusion-flex-content-wrap\" style=\"max-width:1248px;margin-left: calc(-4% \/ 2 );margin-right: calc(-4% \/ 2 );\"><div class=\"fusion-layout-column fusion_builder_column fusion-builder-column-0 fusion_builder_column_1_1 1_1 fusion-flex-column\" style=\"--awb-bg-size:cover;--awb-width-large:100%;--awb-margin-top-large:0px;--awb-spacing-right-large:1.92%;--awb-margin-bottom-large:20px;--awb-spacing-left-large:1.92%;--awb-width-medium:100%;--awb-order-medium:0;--awb-spacing-right-medium:1.92%;--awb-spacing-left-medium:1.92%;--awb-width-small:100%;--awb-order-small:0;--awb-spacing-right-small:1.92%;--awb-spacing-left-small:1.92%;\"><div class=\"fusion-column-wrapper fusion-column-has-shadow fusion-flex-justify-content-flex-start fusion-content-layout-column\"><div class=\"fusion-text fusion-text-1 fusion-animated\" data-animationType=\"flipiny\" data-animationDuration=\"4.0\" data-animationOffset=\"top-into-view\"><h1 style=\"text-align: center; font-size: 70px; font-family: Allerta Stencil; font-weight: 400; --fontSize: 70; line-height: 1.2; color: var(--awb-custom_color_1);\" data-fusion-font=\"true\" data-fusion-google-font=\"Allerta Stencil\" data-fusion-google-variant=\"400\" data-fontsize=\"70\" data-lineheight=\"84px\" class=\"fusion-responsive-typography-calculated\">Meine Fotobox mieten<\/h1>\n<\/div><\/div><\/div><\/div><\/div><div class=\"fusion-fullwidth fullwidth-box fusion-builder-row-2 fusion-flex-container has-pattern-background has-mask-background nonhundred-percent-fullwidth non-hundred-percent-height-scrolling\" style=\"--awb-border-radius-top-left:0px;--awb-border-radius-top-right:0px;--awb-border-radius-bottom-right:0px;--awb-border-radius-bottom-left:0px;--awb-flex-wrap:wrap;\" ><div class=\"fusion-builder-row fusion-row fusion-flex-align-items-flex-start fusion-flex-content-wrap\" style=\"max-width:1248px;margin-left: calc(-4% \/ 2 );margin-right: calc(-4% \/ 2 );\"><div class=\"fusion-layout-column fusion_builder_column fusion-builder-column-1 fusion_builder_column_1_1 1_1 fusion-flex-column\" style=\"--awb-bg-size:cover;--awb-width-large:100%;--awb-margin-top-large:0px;--awb-spacing-right-large:1.92%;--awb-margin-bottom-large:20px;--awb-spacing-left-large:1.92%;--awb-width-medium:100%;--awb-order-medium:0;--awb-spacing-right-medium:1.92%;--awb-spacing-left-medium:1.92%;--awb-width-small:100%;--awb-order-small:0;--awb-spacing-right-small:1.92%;--awb-spacing-left-small:1.92%;\"><div class=\"fusion-column-wrapper fusion-column-has-shadow fusion-flex-justify-content-flex-start fusion-content-layout-column\"><div class=\"fusion-text fusion-text-2\"><p align=\"justify\">Es w\u00fcrde mich sehr freuen, wenn du meine Fotobox f\u00fcr dein Event mietest. Mit den folgenden Schritten erkl\u00e4re ich dir den groben Ablauf des Vorgangs.<\/p>\n<\/div><\/div><\/div><\/div><\/div><div class=\"fusion-fullwidth fullwidth-box fusion-builder-row-3 fusion-flex-container has-pattern-background has-mask-background nonhundred-percent-fullwidth non-hundred-percent-height-scrolling\" style=\"--awb-border-radius-top-left:0px;--awb-border-radius-top-right:0px;--awb-border-radius-bottom-right:0px;--awb-border-radius-bottom-left:0px;--awb-flex-wrap:wrap;\" ><div class=\"fusion-builder-row fusion-row fusion-flex-align-items-flex-start fusion-flex-content-wrap\" style=\"max-width:1248px;margin-left: calc(-4% \/ 2 );margin-right: calc(-4% \/ 2 );\"><div class=\"fusion-layout-column fusion_builder_column fusion-builder-column-2 fusion_builder_column_1_2 1_2 fusion-flex-column\" style=\"--awb-bg-size:cover;--awb-width-large:50%;--awb-margin-top-large:0px;--awb-spacing-right-large:3.84%;--awb-margin-bottom-large:20px;--awb-spacing-left-large:3.84%;--awb-width-medium:50%;--awb-order-medium:0;--awb-spacing-right-medium:3.84%;--awb-spacing-left-medium:3.84%;--awb-width-small:100%;--awb-order-small:0;--awb-spacing-right-small:1.92%;--awb-spacing-left-small:1.92%;\"><div class=\"fusion-column-wrapper fusion-column-has-shadow fusion-flex-justify-content-flex-start fusion-content-layout-column\"><i class=\"fb-icon-element-1 fb-icon-element fontawesome-icon fa-address-card fas circle-yes fusion-text-flow\" style=\"--awb-circlecolor:var(--awb-color4);--awb-circlecolor-hover:var(--awb-color4);--awb-circlebordercolor-hover:var(--awb-color8);--awb-circlebordersize:1px;--awb-font-size:28.16px;--awb-width:56.32px;--awb-height:56.32px;--awb-line-height:54.32px;--awb-margin-right:16px;\"><\/i><div class=\"fusion-title title fusion-title-1 fusion-sep-none fusion-title-text fusion-title-size-four\" style=\"--awb-text-color:var(--awb-custom_color_1);--awb-margin-top-small:10px;--awb-margin-right-small:0px;--awb-margin-bottom-small:10px;--awb-margin-left-small:0px;\"><h4 class=\"fusion-title-heading title-heading-left\" style=\"margin:0;\">1. Kontakt<\/h4><\/div><div class=\"fusion-text fusion-text-3\"><p align=\"justify\">\u00dcber das Kontaktformular teilst du mir deine Daten mit, vor allem ben\u00f6tige ich den Termin des Festes und den Veranstaltungsort. Au\u00dferdem sollte ich wissen, welches Paket dir am ehesten zusagt. \u2028Selbstverst\u00e4ndlich kannst du mich auch anrufen \u2013 0173 \/ 341 61 32.<\/p>\n<\/div><\/div><\/div><div class=\"fusion-layout-column fusion_builder_column fusion-builder-column-3 fusion_builder_column_1_2 1_2 fusion-flex-column\" style=\"--awb-bg-size:cover;--awb-width-large:50%;--awb-margin-top-large:0px;--awb-spacing-right-large:3.84%;--awb-margin-bottom-large:20px;--awb-spacing-left-large:3.84%;--awb-width-medium:50%;--awb-order-medium:0;--awb-spacing-right-medium:3.84%;--awb-spacing-left-medium:3.84%;--awb-width-small:100%;--awb-order-small:0;--awb-spacing-right-small:1.92%;--awb-spacing-left-small:1.92%;\"><div class=\"fusion-column-wrapper fusion-column-has-shadow fusion-flex-justify-content-flex-start fusion-content-layout-column\"><i class=\"fb-icon-element-2 fb-icon-element fontawesome-icon fa-check fas circle-yes fusion-text-flow\" style=\"--awb-circlecolor:var(--awb-color4);--awb-circlecolor-hover:var(--awb-color4);--awb-circlebordercolor-hover:var(--awb-color8);--awb-circlebordersize:1px;--awb-font-size:28.16px;--awb-width:56.32px;--awb-height:56.32px;--awb-line-height:54.32px;--awb-margin-right:16px;\"><\/i><div class=\"fusion-title title fusion-title-2 fusion-sep-none fusion-title-text fusion-title-size-four\" style=\"--awb-text-color:var(--awb-custom_color_1);--awb-margin-top-small:10px;--awb-margin-right-small:0px;--awb-margin-bottom-small:10px;--awb-margin-left-small:0px;\"><h4 class=\"fusion-title-heading title-heading-left\" style=\"margin:0;\">2. Best\u00e4tigung &amp; Angebot<\/h4><\/div><div class=\"fusion-text fusion-text-4\"><p align=\"justify\">Im n\u00e4chsten Schritt best\u00e4tige ich dir den Termin und mache dir ein Angebot. Sobald du dieses Angebot best\u00e4tigst, wird die Fotobox f\u00fcr deinen Wunschtermin reserviert.<\/p>\n<\/div><\/div><\/div><\/div><\/div><div class=\"fusion-fullwidth fullwidth-box fusion-builder-row-4 fusion-flex-container has-pattern-background has-mask-background nonhundred-percent-fullwidth non-hundred-percent-height-scrolling\" style=\"--awb-border-radius-top-left:0px;--awb-border-radius-top-right:0px;--awb-border-radius-bottom-right:0px;--awb-border-radius-bottom-left:0px;--awb-flex-wrap:wrap;\" ><div class=\"fusion-builder-row fusion-row fusion-flex-align-items-flex-start fusion-flex-content-wrap\" style=\"max-width:1248px;margin-left: calc(-4% \/ 2 );margin-right: calc(-4% \/ 2 );\"><div class=\"fusion-layout-column fusion_builder_column fusion-builder-column-4 fusion_builder_column_1_2 1_2 fusion-flex-column\" style=\"--awb-bg-size:cover;--awb-width-large:50%;--awb-margin-top-large:0px;--awb-spacing-right-large:3.84%;--awb-margin-bottom-large:20px;--awb-spacing-left-large:3.84%;--awb-width-medium:50%;--awb-order-medium:0;--awb-spacing-right-medium:3.84%;--awb-spacing-left-medium:3.84%;--awb-width-small:100%;--awb-order-small:0;--awb-spacing-right-small:1.92%;--awb-spacing-left-small:1.92%;\"><div class=\"fusion-column-wrapper fusion-column-has-shadow fusion-flex-justify-content-flex-start fusion-content-layout-column\"><i class=\"fb-icon-element-3 fb-icon-element fontawesome-icon fa-tools fas circle-yes fusion-text-flow\" style=\"--awb-circlecolor:var(--awb-color4);--awb-circlecolor-hover:var(--awb-color4);--awb-circlebordercolor-hover:var(--awb-color8);--awb-circlebordersize:1px;--awb-font-size:28.16px;--awb-width:56.32px;--awb-height:56.32px;--awb-line-height:54.32px;--awb-margin-right:16px;\"><\/i><div class=\"fusion-title title fusion-title-3 fusion-sep-none fusion-title-text fusion-title-size-four\" style=\"--awb-text-color:var(--awb-custom_color_1);--awb-margin-top-small:10px;--awb-margin-right-small:0px;--awb-margin-bottom-small:10px;--awb-margin-left-small:0px;\"><h4 class=\"fusion-title-heading title-heading-left\" style=\"margin:0;\">3. Lieferung &amp; Aufbau<\/h4><\/div><div class=\"fusion-text fusion-text-5\" style=\"--awb-text-color:var(--awb-custom_color_1);\"><p align=\"justify\">In der Regel wir die Fotobox am Tag der Veranstaltung geliefert und aufgebaut und betriebsbereit gemacht. Eine Einweisung in die Bedienung ist selbstverst\u00e4ndlich.<\/p>\n<\/div><\/div><\/div><div class=\"fusion-layout-column fusion_builder_column fusion-builder-column-5 fusion_builder_column_1_2 1_2 fusion-flex-column\" style=\"--awb-bg-size:cover;--awb-width-large:50%;--awb-margin-top-large:0px;--awb-spacing-right-large:3.84%;--awb-margin-bottom-large:20px;--awb-spacing-left-large:3.84%;--awb-width-medium:50%;--awb-order-medium:0;--awb-spacing-right-medium:3.84%;--awb-spacing-left-medium:3.84%;--awb-width-small:100%;--awb-order-small:0;--awb-spacing-right-small:1.92%;--awb-spacing-left-small:1.92%;\"><div class=\"fusion-column-wrapper fusion-column-has-shadow fusion-flex-justify-content-flex-start fusion-content-layout-column\"><i class=\"fb-icon-element-4 fb-icon-element fontawesome-icon fa-shipping-fast fas circle-yes fusion-text-flow\" style=\"--awb-circlecolor:var(--awb-color4);--awb-circlecolor-hover:var(--awb-color4);--awb-circlebordercolor-hover:var(--awb-color8);--awb-circlebordersize:1px;--awb-font-size:28.16px;--awb-width:56.32px;--awb-height:56.32px;--awb-line-height:54.32px;--awb-margin-right:16px;\"><\/i><div class=\"fusion-title title fusion-title-4 fusion-sep-none fusion-title-text fusion-title-size-four\" style=\"--awb-text-color:var(--awb-custom_color_1);--awb-margin-top-small:10px;--awb-margin-right-small:0px;--awb-margin-bottom-small:10px;--awb-margin-left-small:0px;\"><h4 class=\"fusion-title-heading title-heading-left\" style=\"margin:0;\">4. Abbau &amp; Abholung<\/h4><\/div><div class=\"fusion-text fusion-text-6\"><p align=\"justify\">Am Folgetag wird die Fotobox wieder abgebaut und abgeholt. Auf Wunsch k\u00f6nnen die auf den USB-Stick gespeicherten Bilder auf ein von dir mitgebrachtes Speichermedium kopiert werden.\u2028 Den Link zur Online-Galerie erh\u00e4ltst ebenfalls. Diesen kannst du an deine G\u00e4ste gerne weitergeben. Die Bilder-Galerie wird ca. vier Wochen online sein. Danach werden die Bilder wieder gel\u00f6scht.<\/p>\n<\/div><\/div><\/div><\/div><\/div><div class=\"fusion-fullwidth fullwidth-box fusion-builder-row-5 fusion-flex-container has-pattern-background has-mask-background nonhundred-percent-fullwidth non-hundred-percent-height-scrolling\" style=\"--awb-border-radius-top-left:0px;--awb-border-radius-top-right:0px;--awb-border-radius-bottom-right:0px;--awb-border-radius-bottom-left:0px;--awb-flex-wrap:wrap;\" ><div class=\"fusion-builder-row fusion-row fusion-flex-align-items-flex-start fusion-flex-content-wrap\" style=\"max-width:1248px;margin-left: calc(-4% \/ 2 );margin-right: calc(-4% \/ 2 );\"><div class=\"fusion-layout-column fusion_builder_column fusion-builder-column-6 fusion_builder_column_1_1 1_1 fusion-flex-column\" style=\"--awb-bg-size:cover;--awb-width-large:100%;--awb-margin-top-large:0px;--awb-spacing-right-large:1.92%;--awb-margin-bottom-large:20px;--awb-spacing-left-large:1.92%;--awb-width-medium:100%;--awb-order-medium:0;--awb-spacing-right-medium:1.92%;--awb-spacing-left-medium:1.92%;--awb-width-small:100%;--awb-order-small:0;--awb-spacing-right-small:1.92%;--awb-spacing-left-small:1.92%;\"><div class=\"fusion-column-wrapper fusion-column-has-shadow fusion-flex-justify-content-flex-start fusion-content-layout-column\"><div style=\"text-align:center;\"><a class=\"fusion-button button-3d fusion-button-default-size button-custom fusion-button-default button-1 fusion-button-span-yes fusion-has-button-gradient\" style=\"--button_bevel_color:var(--awb-custom_color_2);--button_bevel_color_hover:var(--awb-custom_color_2);--button_accent_color:var(--awb-color1);--button_accent_hover_color:var(--awb-color1);--button_border_hover_color:var(--awb-color1);--button_gradient_top_color:var(--awb-color7);--button_gradient_bottom_color:var(--awb-color4);--button_gradient:radial-gradient(circle at center center,var(--awb-color7) 0%,var(--awb-color4) 100%);--button_gradient_top_color_hover:hsla(var(--awb-color5-h),calc(var(--awb-color5-s) - 5%),calc(var(--awb-color5-l) - 10%),var(--awb-color5-a));--button_gradient_bottom_color_hover:hsla(var(--awb-custom_color_2-h),calc(var(--awb-custom_color_2-s) - 5%),calc(var(--awb-custom_color_2-l) - 10%),var(--awb-custom_color_2-a));--button_gradient_hover:radial-gradient(circle at center center,hsla(var(--awb-color5-h),calc(var(--awb-color5-s) - 5%),calc(var(--awb-color5-l) - 10%),var(--awb-color5-a)) 0%,hsla(var(--awb-custom_color_2-h),calc(var(--awb-custom_color_2-s) - 5%),calc(var(--awb-custom_color_2-l) - 10%),var(--awb-custom_color_2-a)) 100%);\" target=\"_self\" href=\"https:\/\/aktiv-fotobox.de\/?page_id=144\"><div class=\"awb-button__hover-content awb-button__hover-content--default awb-button__hover-content--centered\"><span class=\"fusion-button-text awb-button__text awb-button__text--hover\">Anftragen - zum Kontaktformular<\/span><span class=\"fusion-button-text awb-button__text awb-button__text--default\">Anfragen<\/span><\/div><\/a><\/div><\/div><\/div><\/div><\/div><\/p>\n","protected":false},"excerpt":{"rendered":"","protected":false},"author":1,"featured_media":0,"parent":0,"menu_order":0,"comment_status":"closed","ping_status":"closed","template":"100-width.php","meta":{"footnotes":""},"class_list":["post-161","page","type-page","status-publish","hentry"],"yoast_head":"<!-- This site is optimized with the Yoast SEO plugin v27.5 - https:\/\/yoast.com\/product\/yoast-seo-wordpress\/ -->\n<title>Fotobox - mieten - Fotobox<\/title>\n<meta name=\"robots\" content=\"index, follow, max-snippet:-1, max-image-preview:large, max-video-preview:-1\" \/>\n<link rel=\"canonical\" href=\"http:\/\/aktiv-fotobox.de\/?page_id=161\" \/>\n<meta property=\"og:locale\" content=\"de_DE\" \/>\n<meta property=\"og:type\" content=\"article\" \/>\n<meta property=\"og:title\" content=\"Fotobox - mieten - Fotobox\" \/>\n<meta property=\"og:url\" content=\"http:\/\/aktiv-fotobox.de\/?page_id=161\" \/>\n<meta property=\"og:site_name\" content=\"Fotobox\" \/>\n<meta property=\"article:modified_time\" content=\"2026-02-20T21:15:20+00:00\" \/>\n<meta name=\"twitter:card\" content=\"summary_large_image\" \/>\n<meta name=\"twitter:label1\" content=\"Gesch\u00e4tzte Lesezeit\" \/>\n\t<meta name=\"twitter:data1\" content=\"2\u00a0Minuten\" \/>\n<script type=\"application\/ld+json\" class=\"yoast-schema-graph\">{\"@context\":\"https:\\\/\\\/schema.org\",\"@graph\":[{\"@type\":\"WebPage\",\"@id\":\"http:\\\/\\\/aktiv-fotobox.de\\\/?page_id=161\",\"url\":\"http:\\\/\\\/aktiv-fotobox.de\\\/?page_id=161\",\"name\":\"Fotobox - mieten - Fotobox\",\"isPartOf\":{\"@id\":\"https:\\\/\\\/aktiv-fotobox.de\\\/#website\"},\"datePublished\":\"2026-02-11T23:54:45+00:00\",\"dateModified\":\"2026-02-20T21:15:20+00:00\",\"breadcrumb\":{\"@id\":\"http:\\\/\\\/aktiv-fotobox.de\\\/?page_id=161#breadcrumb\"},\"inLanguage\":\"de\",\"potentialAction\":[{\"@type\":\"ReadAction\",\"target\":[\"http:\\\/\\\/aktiv-fotobox.de\\\/?page_id=161\"]}]},{\"@type\":\"BreadcrumbList\",\"@id\":\"http:\\\/\\\/aktiv-fotobox.de\\\/?page_id=161#breadcrumb\",\"itemListElement\":[{\"@type\":\"ListItem\",\"position\":1,\"name\":\"Start\",\"item\":\"https:\\\/\\\/aktiv-fotobox.de\\\/\"},{\"@type\":\"ListItem\",\"position\":2,\"name\":\"Fotobox &#8211; mieten\"}]},{\"@type\":\"WebSite\",\"@id\":\"https:\\\/\\\/aktiv-fotobox.de\\\/#website\",\"url\":\"https:\\\/\\\/aktiv-fotobox.de\\\/\",\"name\":\"Fotobox\",\"description\":\"meine Fotobox mieten\",\"potentialAction\":[{\"@type\":\"SearchAction\",\"target\":{\"@type\":\"EntryPoint\",\"urlTemplate\":\"https:\\\/\\\/aktiv-fotobox.de\\\/?s={search_term_string}\"},\"query-input\":{\"@type\":\"PropertyValueSpecification\",\"valueRequired\":true,\"valueName\":\"search_term_string\"}}],\"inLanguage\":\"de\"}]}<\/script>\n<!-- \/ Yoast SEO plugin. -->","yoast_head_json":{"title":"Fotobox - mieten - Fotobox","robots":{"index":"index","follow":"follow","max-snippet":"max-snippet:-1","max-image-preview":"max-image-preview:large","max-video-preview":"max-video-preview:-1"},"canonical":"http:\/\/aktiv-fotobox.de\/?page_id=161","og_locale":"de_DE","og_type":"article","og_title":"Fotobox - mieten - Fotobox","og_url":"http:\/\/aktiv-fotobox.de\/?page_id=161","og_site_name":"Fotobox","article_modified_time":"2026-02-20T21:15:20+00:00","twitter_card":"summary_large_image","twitter_misc":{"Gesch\u00e4tzte Lesezeit":"2\u00a0Minuten"},"schema":{"@context":"https:\/\/schema.org","@graph":[{"@type":"WebPage","@id":"http:\/\/aktiv-fotobox.de\/?page_id=161","url":"http:\/\/aktiv-fotobox.de\/?page_id=161","name":"Fotobox - mieten - Fotobox","isPartOf":{"@id":"https:\/\/aktiv-fotobox.de\/#website"},"datePublished":"2026-02-11T23:54:45+00:00","dateModified":"2026-02-20T21:15:20+00:00","breadcrumb":{"@id":"http:\/\/aktiv-fotobox.de\/?page_id=161#breadcrumb"},"inLanguage":"de","potentialAction":[{"@type":"ReadAction","target":["http:\/\/aktiv-fotobox.de\/?page_id=161"]}]},{"@type":"BreadcrumbList","@id":"http:\/\/aktiv-fotobox.de\/?page_id=161#breadcrumb","itemListElement":[{"@type":"ListItem","position":1,"name":"Start","item":"https:\/\/aktiv-fotobox.de\/"},{"@type":"ListItem","position":2,"name":"Fotobox &#8211; mieten"}]},{"@type":"WebSite","@id":"https:\/\/aktiv-fotobox.de\/#website","url":"https:\/\/aktiv-fotobox.de\/","name":"Fotobox","description":"meine Fotobox mieten","potentialAction":[{"@type":"SearchAction","target":{"@type":"EntryPoint","urlTemplate":"https:\/\/aktiv-fotobox.de\/?s={search_term_string}"},"query-input":{"@type":"PropertyValueSpecification","valueRequired":true,"valueName":"search_term_string"}}],"inLanguage":"de"}]}},"_links":{"self":[{"href":"http:\/\/aktiv-fotobox.de\/index.php?rest_route=\/wp\/v2\/pages\/161","targetHints":{"allow":["GET"]}}],"collection":[{"href":"http:\/\/aktiv-fotobox.de\/index.php?rest_route=\/wp\/v2\/pages"}],"about":[{"href":"http:\/\/aktiv-fotobox.de\/index.php?rest_route=\/wp\/v2\/types\/page"}],"author":[{"embeddable":true,"href":"http:\/\/aktiv-fotobox.de\/index.php?rest_route=\/wp\/v2\/users\/1"}],"replies":[{"embeddable":true,"href":"http:\/\/aktiv-fotobox.de\/index.php?rest_route=%2Fwp%2Fv2%2Fcomments&post=161"}],"version-history":[{"count":14,"href":"http:\/\/aktiv-fotobox.de\/index.php?rest_route=\/wp\/v2\/pages\/161\/revisions"}],"predecessor-version":[{"id":333,"href":"http:\/\/aktiv-fotobox.de\/index.php?rest_route=\/wp\/v2\/pages\/161\/revisions\/333"}],"wp:attachment":[{"href":"http:\/\/aktiv-fotobox.de\/index.php?rest_route=%2Fwp%2Fv2%2Fmedia&parent=161"}],"curies":[{"name":"wp","href":"https:\/\/api.w.org\/{rel}","templated":true}]}}