{"id":247,"date":"2026-02-17T20:33:22","date_gmt":"2026-02-17T20:33:22","guid":{"rendered":"https:\/\/aktiv-fotobox.de\/?page_id=247"},"modified":"2026-03-12T19:04:08","modified_gmt":"2026-03-12T19:04:08","slug":"faq","status":"publish","type":"page","link":"http:\/\/aktiv-fotobox.de\/?page_id=247","title":{"rendered":"FAQ"},"content":{"rendered":"<p><div class=\"fusion-fullwidth fullwidth-box fusion-builder-row-1 fusion-flex-container has-pattern-background has-mask-background nonhundred-percent-fullwidth non-hundred-percent-height-scrolling\" style=\"--awb-border-radius-top-left:0px;--awb-border-radius-top-right:0px;--awb-border-radius-bottom-right:0px;--awb-border-radius-bottom-left:0px;--awb-flex-wrap:wrap;\" ><div class=\"fusion-builder-row fusion-row fusion-flex-align-items-flex-start fusion-flex-content-wrap\" style=\"max-width:1248px;margin-left: calc(-4% \/ 2 );margin-right: calc(-4% \/ 2 );\"><div class=\"fusion-layout-column fusion_builder_column fusion-builder-column-0 fusion_builder_column_1_1 1_1 fusion-flex-column\" style=\"--awb-bg-size:cover;--awb-width-large:100%;--awb-margin-top-large:0px;--awb-spacing-right-large:1.92%;--awb-margin-bottom-large:20px;--awb-spacing-left-large:1.92%;--awb-width-medium:100%;--awb-order-medium:0;--awb-spacing-right-medium:1.92%;--awb-spacing-left-medium:1.92%;--awb-width-small:100%;--awb-order-small:0;--awb-spacing-right-small:1.92%;--awb-spacing-left-small:1.92%;\"><div class=\"fusion-column-wrapper fusion-column-has-shadow fusion-flex-justify-content-flex-start fusion-content-layout-column\"><div class=\"fusion-text fusion-text-1 fusion-animated\" data-animationType=\"flipiny\" data-animationDuration=\"3.0\" data-animationOffset=\"top-into-view\"><h2 style=\"color: var(--awb-color5); --fontSize: 48; line-height: 1.2;\" data-fontsize=\"48\" data-lineheight=\"57.6px\" class=\"fusion-responsive-typography-calculated\"><span style=\"color: var(--awb-color4);\">FAQ<\/span><br \/><span style=\"font-size: 24px; color: var(--awb-color4);\" data-fusion-font=\"true\">Hast du noch Fragen, die ich dir hier im Vorfeld eventuell beantworten kann?<\/span><\/h2>\n<\/div><\/div><\/div><div class=\"fusion-layout-column fusion_builder_column fusion-builder-column-1 fusion_builder_column_1_1 1_1 fusion-flex-column\" style=\"--awb-bg-size:cover;--awb-width-large:100%;--awb-margin-top-large:0px;--awb-spacing-right-large:1.92%;--awb-margin-bottom-large:20px;--awb-spacing-left-large:1.92%;--awb-width-medium:100%;--awb-order-medium:0;--awb-spacing-right-medium:1.92%;--awb-spacing-left-medium:1.92%;--awb-width-small:100%;--awb-order-small:0;--awb-spacing-right-small:1.92%;--awb-spacing-left-small:1.92%;\"><div class=\"fusion-column-wrapper fusion-column-has-shadow fusion-flex-justify-content-flex-start fusion-content-layout-column\"><div class=\"accordian fusion-accordian\" style=\"--awb-border-size:1px;--awb-icon-size:16px;--awb-content-font-size:var(--awb-typography4-font-size);--awb-icon-alignment:left;--awb-hover-color:var(--awb-color2);--awb-border-color:var(--awb-color3);--awb-background-color:var(--awb-color1);--awb-divider-color:var(--awb-color3);--awb-divider-hover-color:var(--awb-color3);--awb-icon-color:var(--awb-color1);--awb-title-color:var(--awb-color8);--awb-content-color:var(--awb-color8);--awb-icon-box-color:var(--awb-color8);--awb-toggle-hover-accent-color:var(--awb-color5);--awb-title-font-family:var(--awb-typography1-font-family);--awb-title-font-weight:var(--awb-typography1-font-weight);--awb-title-font-style:var(--awb-typography1-font-style);--awb-title-font-size:16px;--awb-title-letter-spacing:var(--awb-typography1-letter-spacing);--awb-title-line-height:var(--awb-typography1-line-height);--awb-content-font-family:var(--awb-typography4-font-family);--awb-content-font-weight:var(--awb-typography4-font-weight);--awb-content-font-style:var(--awb-typography4-font-style);\"><div class=\"panel-group fusion-toggle-icon-boxed\" id=\"accordion-247-1\"><div class=\"fusion-panel panel-default panel-63005483f6c1d619a fusion-toggle-has-divider\" style=\"--awb-title-color:var(--awb-color8);--awb-content-color:var(--awb-color8);\"><div class=\"panel-heading\"><h4 class=\"panel-title toggle\" id=\"toggle_63005483f6c1d619a\"><a aria-expanded=\"false\" aria-controls=\"63005483f6c1d619a\" role=\"button\" data-toggle=\"collapse\" data-parent=\"#accordion-247-1\" data-target=\"#63005483f6c1d619a\" href=\"#63005483f6c1d619a\"><span class=\"fusion-toggle-icon-wrapper\" aria-hidden=\"true\"><i class=\"fa-fusion-box active-icon awb-icon-minus\" aria-hidden=\"true\"><\/i><i class=\"fa-fusion-box inactive-icon awb-icon-plus\" aria-hidden=\"true\"><\/i><\/span><span class=\"fusion-toggle-heading\">Wird die Fotobox geliefert und aufgebaut?<\/span><\/a><\/h4><\/div><div id=\"63005483f6c1d619a\" class=\"panel-collapse collapse \" aria-labelledby=\"toggle_63005483f6c1d619a\"><div class=\"panel-body toggle-content fusion-clearfix\">\n<p>Ja, die Fotobox wird von mir am Tag des Events oder gerne nach Absprache auch an einem anderen Tag, geliefert und aufgebaut.<br \/>\nNach dem Event hole ich die Fotobox wieder ab.<\/p>\n<\/div><\/div><\/div><div class=\"fusion-panel panel-default panel-69ae4ed4e4cf8e539 fusion-toggle-has-divider\" style=\"--awb-title-color:var(--awb-color8);--awb-content-color:var(--awb-color8);\"><div class=\"panel-heading\"><h4 class=\"panel-title toggle\" id=\"toggle_69ae4ed4e4cf8e539\"><a aria-expanded=\"false\" aria-controls=\"69ae4ed4e4cf8e539\" role=\"button\" data-toggle=\"collapse\" data-parent=\"#accordion-247-1\" data-target=\"#69ae4ed4e4cf8e539\" href=\"#69ae4ed4e4cf8e539\"><span class=\"fusion-toggle-icon-wrapper\" aria-hidden=\"true\"><i class=\"fa-fusion-box active-icon awb-icon-minus\" aria-hidden=\"true\"><\/i><i class=\"fa-fusion-box inactive-icon awb-icon-plus\" aria-hidden=\"true\"><\/i><\/span><span class=\"fusion-toggle-heading\">In welchem Umkreis wird die Fotobox geliefert?<\/span><\/a><\/h4><\/div><div id=\"69ae4ed4e4cf8e539\" class=\"panel-collapse collapse \" aria-labelledby=\"toggle_69ae4ed4e4cf8e539\"><div class=\"panel-body toggle-content fusion-clearfix\">\n<p>Ich wohne in Ebersbach an der Fils im Landkreis G\u00f6ppingen. Etwa 100 Kilometer rund um meinen Wohnort liefere ich die Fotobox aus. Weitere Entfernungen ergeben kaum noch Sinn, k\u00f6nnen aber im Ausnahmefall angefragt werden.<br \/>\nIn den Bereichen Rund um <strong>G\u00f6ppingen<\/strong>, bis <strong>Geislingen an der Steige<\/strong>, <strong>Schw\u00e4bisch Gm\u00fcnd<\/strong>, <strong>Schorndorf<\/strong>, <strong>Waiblingen<\/strong>, <strong>Stuttgart<\/strong>, <strong>Esslingen<\/strong>, <strong>Kirchheim unter Teck<\/strong>, <strong>Metzingen<\/strong> ist die Anlieferung inklusive.<br \/>\nIst deine Location weiter entfernt, wird eine <strong>Kilometerpauschale<\/strong> berechnet, die ich im Angebot mitteile (Siehe: Wie wird die Kilometerpauschale berechnet).<\/p>\n<\/div><\/div><\/div><div class=\"fusion-panel panel-default panel-8d80f8e469af88dcc fusion-toggle-has-divider\" style=\"--awb-title-color:var(--awb-color8);--awb-content-color:var(--awb-color8);\"><div class=\"panel-heading\"><h4 class=\"panel-title toggle\" id=\"toggle_8d80f8e469af88dcc\"><a aria-expanded=\"false\" aria-controls=\"8d80f8e469af88dcc\" role=\"button\" data-toggle=\"collapse\" data-parent=\"#accordion-247-1\" data-target=\"#8d80f8e469af88dcc\" href=\"#8d80f8e469af88dcc\"><span class=\"fusion-toggle-icon-wrapper\" aria-hidden=\"true\"><i class=\"fa-fusion-box active-icon awb-icon-minus\" aria-hidden=\"true\"><\/i><i class=\"fa-fusion-box inactive-icon awb-icon-plus\" aria-hidden=\"true\"><\/i><\/span><span class=\"fusion-toggle-heading\">Kann die Fotobox auch abgeholt werden?<\/span><\/a><\/h4><\/div><div id=\"8d80f8e469af88dcc\" class=\"panel-collapse collapse \" aria-labelledby=\"toggle_8d80f8e469af88dcc\"><div class=\"panel-body toggle-content fusion-clearfix\">\n<p>Grunds\u00e4tzlich nicht. Der Aufbau und das Einrichten der Fotobox ist nicht unbedingt trivial. Die anschlie\u00dfende Bedienung schon.<br \/>Im Ausnahmefall, wenn du dir es zutraust, kann die Box auch selbst aufgebaut werden. Eine Anleitung f\u00fcr den Aufbau liegt der Fotobox bei. Dann kann sie auch bei mir abgeholt werden.<\/p>\n<\/div><\/div><\/div><div class=\"fusion-panel panel-default panel-bdb8e412d937fb010 fusion-toggle-has-divider\" style=\"--awb-title-color:var(--awb-color8);--awb-content-color:var(--awb-color8);\"><div class=\"panel-heading\"><h4 class=\"panel-title toggle\" id=\"toggle_bdb8e412d937fb010\"><a aria-expanded=\"false\" aria-controls=\"bdb8e412d937fb010\" role=\"button\" data-toggle=\"collapse\" data-parent=\"#accordion-247-1\" data-target=\"#bdb8e412d937fb010\" href=\"#bdb8e412d937fb010\"><span class=\"fusion-toggle-icon-wrapper\" aria-hidden=\"true\"><i class=\"fa-fusion-box active-icon awb-icon-minus\" aria-hidden=\"true\"><\/i><i class=\"fa-fusion-box inactive-icon awb-icon-plus\" aria-hidden=\"true\"><\/i><\/span><span class=\"fusion-toggle-heading\">Wie gut sind die Ausdrucke?<\/span><\/a><\/h4><\/div><div id=\"bdb8e412d937fb010\" class=\"panel-collapse collapse \" aria-labelledby=\"toggle_bdb8e412d937fb010\"><div class=\"panel-body toggle-content fusion-clearfix\">\n<p>Die Ausdrucke haben Fotoqualit\u00e4t, sie sind \u00e4u\u00dferst brillant und farbecht. Der Ausdruck erfolgt auf Fotopapier.<\/p>\n<\/div><\/div><\/div><div class=\"fusion-panel panel-default panel-0300b53f4ffa91b8f fusion-toggle-has-divider\" style=\"--awb-title-color:var(--awb-color8);--awb-content-color:var(--awb-color8);\"><div class=\"panel-heading\"><h4 class=\"panel-title toggle\" id=\"toggle_0300b53f4ffa91b8f\"><a aria-expanded=\"false\" aria-controls=\"0300b53f4ffa91b8f\" role=\"button\" data-toggle=\"collapse\" data-parent=\"#accordion-247-1\" data-target=\"#0300b53f4ffa91b8f\" href=\"#0300b53f4ffa91b8f\"><span class=\"fusion-toggle-icon-wrapper\" aria-hidden=\"true\"><i class=\"fa-fusion-box active-icon awb-icon-minus\" aria-hidden=\"true\"><\/i><i class=\"fa-fusion-box inactive-icon awb-icon-plus\" aria-hidden=\"true\"><\/i><\/span><span class=\"fusion-toggle-heading\">Wie gro\u00df sind die Audrucke?<\/span><\/a><\/h4><\/div><div id=\"0300b53f4ffa91b8f\" class=\"panel-collapse collapse \" aria-labelledby=\"toggle_0300b53f4ffa91b8f\"><div class=\"panel-body toggle-content fusion-clearfix\">\n<p>Die Ausdrucke erfolgen im Format 15 cm x 10 cm und \/ oder 15 cm x 5 cm (Filmstereifen).<\/p>\n<\/div><\/div><\/div><div class=\"fusion-panel panel-default panel-ed5c71aabeeb35d8e fusion-toggle-has-divider\" style=\"--awb-title-color:var(--awb-color8);--awb-content-color:var(--awb-color8);\"><div class=\"panel-heading\"><h4 class=\"panel-title toggle\" id=\"toggle_ed5c71aabeeb35d8e\"><a aria-expanded=\"false\" aria-controls=\"ed5c71aabeeb35d8e\" role=\"button\" data-toggle=\"collapse\" data-parent=\"#accordion-247-1\" data-target=\"#ed5c71aabeeb35d8e\" href=\"#ed5c71aabeeb35d8e\"><span class=\"fusion-toggle-icon-wrapper\" aria-hidden=\"true\"><i class=\"fa-fusion-box active-icon awb-icon-minus\" aria-hidden=\"true\"><\/i><i class=\"fa-fusion-box inactive-icon awb-icon-plus\" aria-hidden=\"true\"><\/i><\/span><span class=\"fusion-toggle-heading\">In welcher Form erhalte ich die Bilder?<\/span><\/a><\/h4><\/div><div id=\"ed5c71aabeeb35d8e\" class=\"panel-collapse collapse \" aria-labelledby=\"toggle_ed5c71aabeeb35d8e\"><div class=\"panel-body toggle-content fusion-clearfix\">\n<ol>\n<li>Die Bilder k\u00f6nnen ausgedruckt werden<\/li>\n<li>Die Bilder werden digital \u00fcbergeben <br \/>Gespeichert werden die Bilder auf mehreren Datentr\u00e4gern. \u00dcbergeben werden die Bilder per Download-Link. <\/li>\n<\/ol>\n<\/div><\/div><\/div><div class=\"fusion-panel panel-default panel-befb8830bbb40724f fusion-toggle-has-divider\" style=\"--awb-title-color:var(--awb-color8);--awb-content-color:var(--awb-color8);\"><div class=\"panel-heading\"><h4 class=\"panel-title toggle\" id=\"toggle_befb8830bbb40724f\"><a aria-expanded=\"false\" aria-controls=\"befb8830bbb40724f\" role=\"button\" data-toggle=\"collapse\" data-parent=\"#accordion-247-1\" data-target=\"#befb8830bbb40724f\" href=\"#befb8830bbb40724f\"><span class=\"fusion-toggle-icon-wrapper\" aria-hidden=\"true\"><i class=\"fa-fusion-box active-icon awb-icon-minus\" aria-hidden=\"true\"><\/i><i class=\"fa-fusion-box inactive-icon awb-icon-plus\" aria-hidden=\"true\"><\/i><\/span><span class=\"fusion-toggle-heading\">Muss ich eine Kaution hinterlegen?<\/span><\/a><\/h4><\/div><div id=\"befb8830bbb40724f\" class=\"panel-collapse collapse \" aria-labelledby=\"toggle_befb8830bbb40724f\"><div class=\"panel-body toggle-content fusion-clearfix\">\n<p>Nein. Eine Kaution erwarte ich nicht.<\/p>\n<\/div><\/div><\/div><div class=\"fusion-panel panel-default panel-5606af7de2d27366a fusion-toggle-has-divider\" style=\"--awb-title-color:var(--awb-color8);--awb-content-color:var(--awb-color8);\"><div class=\"panel-heading\"><h4 class=\"panel-title toggle\" id=\"toggle_5606af7de2d27366a\"><a aria-expanded=\"false\" aria-controls=\"5606af7de2d27366a\" role=\"button\" data-toggle=\"collapse\" data-parent=\"#accordion-247-1\" data-target=\"#5606af7de2d27366a\" href=\"#5606af7de2d27366a\"><span class=\"fusion-toggle-icon-wrapper\" aria-hidden=\"true\"><i class=\"fa-fusion-box active-icon awb-icon-minus\" aria-hidden=\"true\"><\/i><i class=\"fa-fusion-box inactive-icon awb-icon-plus\" aria-hidden=\"true\"><\/i><\/span><span class=\"fusion-toggle-heading\">Welche Accessoires werden mitgliefert.<\/span><\/a><\/h4><\/div><div id=\"5606af7de2d27366a\" class=\"panel-collapse collapse \" aria-labelledby=\"toggle_5606af7de2d27366a\"><div class=\"panel-body toggle-content fusion-clearfix\">\n<p>Es werden sehr viele lustige Accessoires mitgeleifert. Das sind H\u00fcte, \u00fcbergro\u00dfe Fleigen, Diademe, Brillen, Per\u00fccken, Luftgitarren und weitere kleine Utensilien wie B\u00e4rte etc.<\/p>\n<\/div><\/div><\/div><div class=\"fusion-panel panel-default panel-8ee494d222b5ca0e3 fusion-toggle-has-divider\" style=\"--awb-title-color:var(--awb-color8);--awb-content-color:var(--awb-color8);\"><div class=\"panel-heading\"><h4 class=\"panel-title toggle\" id=\"toggle_8ee494d222b5ca0e3\"><a aria-expanded=\"false\" aria-controls=\"8ee494d222b5ca0e3\" role=\"button\" data-toggle=\"collapse\" data-parent=\"#accordion-247-1\" data-target=\"#8ee494d222b5ca0e3\" href=\"#8ee494d222b5ca0e3\"><span class=\"fusion-toggle-icon-wrapper\" aria-hidden=\"true\"><i class=\"fa-fusion-box active-icon awb-icon-minus\" aria-hidden=\"true\"><\/i><i class=\"fa-fusion-box inactive-icon awb-icon-plus\" aria-hidden=\"true\"><\/i><\/span><span class=\"fusion-toggle-heading\">Kann das Design der Bilder \/ Ausdrucke individuell angepasst werden?<\/span><\/a><\/h4><\/div><div id=\"8ee494d222b5ca0e3\" class=\"panel-collapse collapse \" aria-labelledby=\"toggle_8ee494d222b5ca0e3\"><div class=\"panel-body toggle-content fusion-clearfix\">\n<p>Ja, ich fertige f\u00fcr deine Veranstaltung ein pers\u00f6nliches Layout an. Du gibst mir eine Vorlage und ich passe diese f\u00fcr den Ausdruck und die Bildgestaltung individuell an.<\/p>\n<\/div><\/div><\/div><div class=\"fusion-panel panel-default panel-2d684cb534ecdf0da fusion-toggle-has-divider\" style=\"--awb-title-color:var(--awb-color8);--awb-content-color:var(--awb-color8);\"><div class=\"panel-heading\"><h4 class=\"panel-title toggle\" id=\"toggle_2d684cb534ecdf0da\"><a aria-expanded=\"false\" aria-controls=\"2d684cb534ecdf0da\" role=\"button\" data-toggle=\"collapse\" data-parent=\"#accordion-247-1\" data-target=\"#2d684cb534ecdf0da\" href=\"#2d684cb534ecdf0da\"><span class=\"fusion-toggle-icon-wrapper\" aria-hidden=\"true\"><i class=\"fa-fusion-box active-icon awb-icon-minus\" aria-hidden=\"true\"><\/i><i class=\"fa-fusion-box inactive-icon awb-icon-plus\" aria-hidden=\"true\"><\/i><\/span><span class=\"fusion-toggle-heading\">Wie l\u00e4uft die Bezahlung?<\/span><\/a><\/h4><\/div><div id=\"2d684cb534ecdf0da\" class=\"panel-collapse collapse \" aria-labelledby=\"toggle_2d684cb534ecdf0da\"><div class=\"panel-body toggle-content fusion-clearfix\">\n<p>Du bekommst von mir eine Rechnung per e-Mail, mit einer Zahlungsfrist von 14 Tagen.<br \/>\nDu kannst das Geld auf mein Gesch\u00e4ftskonto \u00fcberweisen.<\/p>\n<\/div><\/div><\/div><div class=\"fusion-panel panel-default panel-1bbe3f1bbcff9230a fusion-toggle-has-divider\" style=\"--awb-title-color:var(--awb-color8);--awb-content-color:var(--awb-color8);\"><div class=\"panel-heading\"><h4 class=\"panel-title toggle\" id=\"toggle_1bbe3f1bbcff9230a\"><a aria-expanded=\"false\" aria-controls=\"1bbe3f1bbcff9230a\" role=\"button\" data-toggle=\"collapse\" data-parent=\"#accordion-247-1\" data-target=\"#1bbe3f1bbcff9230a\" href=\"#1bbe3f1bbcff9230a\"><span class=\"fusion-toggle-icon-wrapper\" aria-hidden=\"true\"><i class=\"fa-fusion-box active-icon awb-icon-minus\" aria-hidden=\"true\"><\/i><i class=\"fa-fusion-box inactive-icon awb-icon-plus\" aria-hidden=\"true\"><\/i><\/span><span class=\"fusion-toggle-heading\">Wie kann ich die Fotobox buchen?<\/span><\/a><\/h4><\/div><div id=\"1bbe3f1bbcff9230a\" class=\"panel-collapse collapse \" aria-labelledby=\"toggle_1bbe3f1bbcff9230a\"><div class=\"panel-body toggle-content fusion-clearfix\">\n<p>Zum Buchen der Fotobox kannst du die folgenden Optionen w\u00e4hlen:<\/p>\n<ul>\n<li><a href=\"https:\/\/aktiv-fotobox.de\/?page_id=144\">Kontaktformular<\/a><\/li>\n<li>Telefon: +49 (0) 173 \/ 341 61 33<\/li>\n<li>per e-Mail: <a href=\"mailto:kontakt@aktiv-fotobox.de\">kontakt@aktiv-fotobox.de<\/a><\/li>\n<\/ul>\n<\/div><\/div><\/div><div class=\"fusion-panel panel-default panel-64edd29b55e2a6544 fusion-toggle-has-divider\" style=\"--awb-title-color:var(--awb-color8);--awb-content-color:var(--awb-color8);\"><div class=\"panel-heading\"><h4 class=\"panel-title toggle\" id=\"toggle_64edd29b55e2a6544\"><a aria-expanded=\"false\" aria-controls=\"64edd29b55e2a6544\" role=\"button\" data-toggle=\"collapse\" data-parent=\"#accordion-247-1\" data-target=\"#64edd29b55e2a6544\" href=\"#64edd29b55e2a6544\"><span class=\"fusion-toggle-icon-wrapper\" aria-hidden=\"true\"><i class=\"fa-fusion-box active-icon awb-icon-minus\" aria-hidden=\"true\"><\/i><i class=\"fa-fusion-box inactive-icon awb-icon-plus\" aria-hidden=\"true\"><\/i><\/span><span class=\"fusion-toggle-heading\">Darf die Fotobox im Au\u00dfenbereich aufgestellt werden?<\/span><\/a><\/h4><\/div><div id=\"64edd29b55e2a6544\" class=\"panel-collapse collapse \" aria-labelledby=\"toggle_64edd29b55e2a6544\"><div class=\"panel-body toggle-content fusion-clearfix\">\n<p>Sofen die Fotobox nicht im Regen steht oder sonstigen Unwettern ausgestzt wird, kann sie auch im Au\u00dfenbereich aufgestellt werden. Achte dann aber auch darauf, dass sie nicht in der prallen Sonne steht, sonst kann sie schnell \u00fcberhitzen. Au\u00dferdem sind Aufnahmen gegen die Sonne nicht optimal. Ein Hintergrundsystem kann im Au\u00dfenbereich nicht aufgestellt werden. Grunds\u00e4tzlich empfehle ich die Fotobox Indoor aufzustellen.<\/p>\n<\/div><\/div><\/div><div class=\"fusion-panel panel-default panel-875540d930453856d fusion-toggle-has-divider\" style=\"--awb-title-color:var(--awb-color8);--awb-content-color:var(--awb-color8);\"><div class=\"panel-heading\"><h4 class=\"panel-title toggle\" id=\"toggle_875540d930453856d\"><a aria-expanded=\"false\" aria-controls=\"875540d930453856d\" role=\"button\" data-toggle=\"collapse\" data-parent=\"#accordion-247-1\" data-target=\"#875540d930453856d\" href=\"#875540d930453856d\"><span class=\"fusion-toggle-icon-wrapper\" aria-hidden=\"true\"><i class=\"fa-fusion-box active-icon awb-icon-minus\" aria-hidden=\"true\"><\/i><i class=\"fa-fusion-box inactive-icon awb-icon-plus\" aria-hidden=\"true\"><\/i><\/span><span class=\"fusion-toggle-heading\">Wie bekomme ich die Bilder?<\/span><\/a><\/h4><\/div><div id=\"875540d930453856d\" class=\"panel-collapse collapse \" aria-labelledby=\"toggle_875540d930453856d\"><div class=\"panel-body toggle-content fusion-clearfix\">\n<ol>\n<li>Die Bilder werden automatisch in einer Online-Galerie hochgeladen. \u00dcber eine Link kannst du (und deine G\u00e4ste) auf die Bilder zugreifen und sie herunterladen.<\/li>\n<li>W\u00e4hrend der Veranstaltung k\u00f6nnen deine G\u00e4ste ihre Bilder mit einem QR-Code auf ihr Smartphone laden. Das funktioniert direkt, per e-Mail oder per WhatsApp.<\/li>\n<li>Die Bilder werden auf einen USB-Stick gespeichert.<\/li>\n<li>Die Bilder werden auf die SD-Karte der Kamera gespeichert.<\/li>\n<\/ol>\n<\/div><\/div><\/div><div class=\"fusion-panel panel-default panel-4413e5bf8db0aa8df fusion-toggle-has-divider\" style=\"--awb-title-color:var(--awb-color8);--awb-content-color:var(--awb-color8);\"><div class=\"panel-heading\"><h4 class=\"panel-title toggle\" id=\"toggle_4413e5bf8db0aa8df\"><a aria-expanded=\"false\" aria-controls=\"4413e5bf8db0aa8df\" role=\"button\" data-toggle=\"collapse\" data-parent=\"#accordion-247-1\" data-target=\"#4413e5bf8db0aa8df\" href=\"#4413e5bf8db0aa8df\"><span class=\"fusion-toggle-icon-wrapper\" aria-hidden=\"true\"><i class=\"fa-fusion-box active-icon awb-icon-minus\" aria-hidden=\"true\"><\/i><i class=\"fa-fusion-box inactive-icon awb-icon-plus\" aria-hidden=\"true\"><\/i><\/span><span class=\"fusion-toggle-heading\">Wie lange sind die Bilder in der Online-Galerie gespeichert?<\/span><\/a><\/h4><\/div><div id=\"4413e5bf8db0aa8df\" class=\"panel-collapse collapse \" aria-labelledby=\"toggle_4413e5bf8db0aa8df\"><div class=\"panel-body toggle-content fusion-clearfix\">\n<p>Nach ca. 4 Wochen werden die Bilder aus der Online-Galerie wieder gel\u00f6cht.<\/p>\n<\/div><\/div><\/div><\/div><\/div><\/div><\/div><\/div><\/div><div class=\"fusion-fullwidth fullwidth-box fusion-builder-row-2 fusion-flex-container has-pattern-background has-mask-background nonhundred-percent-fullwidth non-hundred-percent-height-scrolling\" style=\"--awb-border-radius-top-left:0px;--awb-border-radius-top-right:0px;--awb-border-radius-bottom-right:0px;--awb-border-radius-bottom-left:0px;--awb-flex-wrap:wrap;\" ><div class=\"fusion-builder-row fusion-row fusion-flex-align-items-flex-start fusion-flex-content-wrap\" style=\"max-width:1248px;margin-left: calc(-4% \/ 2 );margin-right: calc(-4% \/ 2 );\"><\/div><\/div><\/p>\n","protected":false},"excerpt":{"rendered":"","protected":false},"author":1,"featured_media":0,"parent":0,"menu_order":0,"comment_status":"closed","ping_status":"closed","template":"100-width.php","meta":{"footnotes":""},"class_list":["post-247","page","type-page","status-publish","hentry"],"yoast_head":"<!-- This site is optimized with the Yoast SEO plugin v27.5 - https:\/\/yoast.com\/product\/yoast-seo-wordpress\/ -->\n<title>FAQ - Fotobox<\/title>\n<meta name=\"robots\" content=\"index, follow, max-snippet:-1, max-image-preview:large, max-video-preview:-1\" \/>\n<link rel=\"canonical\" href=\"http:\/\/aktiv-fotobox.de\/?page_id=247\" \/>\n<meta property=\"og:locale\" content=\"de_DE\" \/>\n<meta property=\"og:type\" content=\"article\" \/>\n<meta property=\"og:title\" content=\"FAQ - Fotobox\" \/>\n<meta property=\"og:url\" content=\"http:\/\/aktiv-fotobox.de\/?page_id=247\" \/>\n<meta property=\"og:site_name\" content=\"Fotobox\" \/>\n<meta property=\"article:modified_time\" content=\"2026-03-12T19:04:08+00:00\" \/>\n<meta name=\"twitter:card\" content=\"summary_large_image\" \/>\n<meta name=\"twitter:label1\" content=\"Gesch\u00e4tzte Lesezeit\" \/>\n\t<meta name=\"twitter:data1\" content=\"4\u00a0Minuten\" \/>\n<script type=\"application\/ld+json\" class=\"yoast-schema-graph\">{\"@context\":\"https:\\\/\\\/schema.org\",\"@graph\":[{\"@type\":\"WebPage\",\"@id\":\"http:\\\/\\\/aktiv-fotobox.de\\\/?page_id=247\",\"url\":\"http:\\\/\\\/aktiv-fotobox.de\\\/?page_id=247\",\"name\":\"FAQ - Fotobox\",\"isPartOf\":{\"@id\":\"https:\\\/\\\/aktiv-fotobox.de\\\/#website\"},\"datePublished\":\"2026-02-17T20:33:22+00:00\",\"dateModified\":\"2026-03-12T19:04:08+00:00\",\"breadcrumb\":{\"@id\":\"http:\\\/\\\/aktiv-fotobox.de\\\/?page_id=247#breadcrumb\"},\"inLanguage\":\"de\",\"potentialAction\":[{\"@type\":\"ReadAction\",\"target\":[\"http:\\\/\\\/aktiv-fotobox.de\\\/?page_id=247\"]}]},{\"@type\":\"BreadcrumbList\",\"@id\":\"http:\\\/\\\/aktiv-fotobox.de\\\/?page_id=247#breadcrumb\",\"itemListElement\":[{\"@type\":\"ListItem\",\"position\":1,\"name\":\"Start\",\"item\":\"https:\\\/\\\/aktiv-fotobox.de\\\/\"},{\"@type\":\"ListItem\",\"position\":2,\"name\":\"FAQ\"}]},{\"@type\":\"WebSite\",\"@id\":\"https:\\\/\\\/aktiv-fotobox.de\\\/#website\",\"url\":\"https:\\\/\\\/aktiv-fotobox.de\\\/\",\"name\":\"Fotobox\",\"description\":\"meine Fotobox mieten\",\"potentialAction\":[{\"@type\":\"SearchAction\",\"target\":{\"@type\":\"EntryPoint\",\"urlTemplate\":\"https:\\\/\\\/aktiv-fotobox.de\\\/?s={search_term_string}\"},\"query-input\":{\"@type\":\"PropertyValueSpecification\",\"valueRequired\":true,\"valueName\":\"search_term_string\"}}],\"inLanguage\":\"de\"}]}<\/script>\n<!-- \/ Yoast SEO plugin. -->","yoast_head_json":{"title":"FAQ - Fotobox","robots":{"index":"index","follow":"follow","max-snippet":"max-snippet:-1","max-image-preview":"max-image-preview:large","max-video-preview":"max-video-preview:-1"},"canonical":"http:\/\/aktiv-fotobox.de\/?page_id=247","og_locale":"de_DE","og_type":"article","og_title":"FAQ - Fotobox","og_url":"http:\/\/aktiv-fotobox.de\/?page_id=247","og_site_name":"Fotobox","article_modified_time":"2026-03-12T19:04:08+00:00","twitter_card":"summary_large_image","twitter_misc":{"Gesch\u00e4tzte Lesezeit":"4\u00a0Minuten"},"schema":{"@context":"https:\/\/schema.org","@graph":[{"@type":"WebPage","@id":"http:\/\/aktiv-fotobox.de\/?page_id=247","url":"http:\/\/aktiv-fotobox.de\/?page_id=247","name":"FAQ - Fotobox","isPartOf":{"@id":"https:\/\/aktiv-fotobox.de\/#website"},"datePublished":"2026-02-17T20:33:22+00:00","dateModified":"2026-03-12T19:04:08+00:00","breadcrumb":{"@id":"http:\/\/aktiv-fotobox.de\/?page_id=247#breadcrumb"},"inLanguage":"de","potentialAction":[{"@type":"ReadAction","target":["http:\/\/aktiv-fotobox.de\/?page_id=247"]}]},{"@type":"BreadcrumbList","@id":"http:\/\/aktiv-fotobox.de\/?page_id=247#breadcrumb","itemListElement":[{"@type":"ListItem","position":1,"name":"Start","item":"https:\/\/aktiv-fotobox.de\/"},{"@type":"ListItem","position":2,"name":"FAQ"}]},{"@type":"WebSite","@id":"https:\/\/aktiv-fotobox.de\/#website","url":"https:\/\/aktiv-fotobox.de\/","name":"Fotobox","description":"meine Fotobox mieten","potentialAction":[{"@type":"SearchAction","target":{"@type":"EntryPoint","urlTemplate":"https:\/\/aktiv-fotobox.de\/?s={search_term_string}"},"query-input":{"@type":"PropertyValueSpecification","valueRequired":true,"valueName":"search_term_string"}}],"inLanguage":"de"}]}},"_links":{"self":[{"href":"http:\/\/aktiv-fotobox.de\/index.php?rest_route=\/wp\/v2\/pages\/247","targetHints":{"allow":["GET"]}}],"collection":[{"href":"http:\/\/aktiv-fotobox.de\/index.php?rest_route=\/wp\/v2\/pages"}],"about":[{"href":"http:\/\/aktiv-fotobox.de\/index.php?rest_route=\/wp\/v2\/types\/page"}],"author":[{"embeddable":true,"href":"http:\/\/aktiv-fotobox.de\/index.php?rest_route=\/wp\/v2\/users\/1"}],"replies":[{"embeddable":true,"href":"http:\/\/aktiv-fotobox.de\/index.php?rest_route=%2Fwp%2Fv2%2Fcomments&post=247"}],"version-history":[{"count":20,"href":"http:\/\/aktiv-fotobox.de\/index.php?rest_route=\/wp\/v2\/pages\/247\/revisions"}],"predecessor-version":[{"id":383,"href":"http:\/\/aktiv-fotobox.de\/index.php?rest_route=\/wp\/v2\/pages\/247\/revisions\/383"}],"wp:attachment":[{"href":"http:\/\/aktiv-fotobox.de\/index.php?rest_route=%2Fwp%2Fv2%2Fmedia&parent=247"}],"curies":[{"name":"wp","href":"https:\/\/api.w.org\/{rel}","templated":true}]}}