{"id":104,"date":"2026-02-10T18:35:02","date_gmt":"2026-02-10T18:35:02","guid":{"rendered":"https:\/\/aktiv-fotobox.de\/?page_id=104"},"modified":"2026-02-14T08:57:52","modified_gmt":"2026-02-14T08:57:52","slug":"datenschutz","status":"publish","type":"page","link":"https:\/\/aktiv-fotobox.de\/?page_id=104","title":{"rendered":"Datenschutz"},"content":{"rendered":"<h5>Der Schutz Deiner personenbezogenen Daten bei der Erhebung, Verarbeitung und Nutzung anl\u00e4sslich Ihres Besuchs auf dieser Homepage ist mir ein wichtiges Anliegen. Deine Daten werden im Rahmen der gesetzlichen Vorschriften gesch\u00fctzt.<\/h5>\n<p>Nachfolgend findest Du Informationen, welche Daten w\u00e4hrend Deines Besuchs auf dieser Homepage erfasst und wie diese genutzt werden:<\/p>\n<h2>Allgemeines<\/h2>\n<p>Diese Datenschutzerkl\u00e4rung kl\u00e4rt den Besucher und Interessent dieser Internetseite gem\u00e4\u00df der Datenschutz-Grundverordnung (DSGVO) und dem Telemediengesetz \u00fcber die Art, den Umfang und den Zweck der Erhebung und Verwendung personenbezogener Daten durch den Verantwortlichen dieser Internetseite auf.<\/p>\n<p>Verantwortlich f\u00fcr den Inhalt und die Einhaltung des Datenschutzes ist der Betreiber des Internetangebots von <a href=\"http:\/\/www.aktiv-fotobox.de\">www.aktiv-fotobox.de<\/a><\/p>\n<p>R\u00fcdiger Kottmann<br \/>\nFischerstra\u00dfe 29\/2<br \/>\n73061 Ebersbach an der Fils<\/p>\n<p>Ich halte mich an den Grundsatz der Datenvermeidung. Es wird, soweit wie m\u00f6glich, auf die Erhebung von personenbezogenen Daten verzichtet.<\/p>\n<h3>Was sind personenbezogene Daten<\/h3>\n<p>Personenbezogene Daten sind Angaben, die die Identit\u00e4t des Nutzers offenlegen oder offenlegen k\u00f6nnen.<\/p>\n<h3>Umgang mit personenbezogenen Daten<\/h3>\n<p>Personenbezogene Daten dienen ausschlie\u00dflich der Vertragsbegr\u00fcndung, inhaltlichen Ausgestaltung, Durchf\u00fchrung oder Abwicklung des Vertragsverh\u00e4ltnisses (Art. 6 I b DSGVO). Ohne Deine Einstimmung werden Deine personenbezogene Daten nicht verarbeitet (Art. 6 I a DSGVO). Sie werden grunds\u00e4tzlich nicht an Dritte weitergegeben. Lediglich zur Vertragserf\u00fcllung werden die Daten an das mit der Lieferung beauftragte Versandunternehmen weitergegeben, soweit dies zur Lieferung bestellter Waren erforderlich ist. Zur Abwicklung von Zahlungen werden die hierf\u00fcr erforderlichen Zahlungsdaten an das mit der Zahlung beauftragte Kreditinstitut und ggf. den beauftragten und gew\u00e4hlten Zahlungsdienstleister weitergegeben. Die Verarbeitung Deiner personenbezogenen Daten erfolgt ausschlie\u00dflich innerhalb der EU.<\/p>\n<h3>Nutzungsdaten<\/h3>\n<p>Beim Besuch der Webseite werden allgemeine technische Informationen erhoben. Dies sind die verwendete IP-Adresse, Uhrzeit, Dauer des Besuchs, Browsertyp und ggf. die Herkunftsseite. Diese Nutzungsdaten werden technisch bedingt in einem Logfile registriert und k\u00f6nnen zum Zwecke der Statistikauswertung dieser Webseite benutzt und gespeichert werden. Eine Verkn\u00fcpfung dieser Nutzungsdaten mit Deinen weiteren personenbezogenen Daten findet nicht statt.<\/p>\n<p>Die Nutzungsdaten werden mit dem Webanalyse-Tool METAMO erhoben. S\u00e4mtliche Datenerhebungen sind datenschutzrechtlich konform eingestellt. Die verwendete IP-Adresse wird nach dem folgenden Modell anonymisiert aufgezeichnet: 192.168.xxx.xxx<\/p>\n<h3>Registrierungsdaten<\/h3>\n<p>F\u00fcr den Besuch unseres Internetangebots ist keine Registrierung erforderlich.<\/p>\n<h3>Kommentare<\/h3>\n<p>Eine Kommentarfunktion ist auf unserer Internetplattform nicht implementiert.<\/p>\n<h3>Dauer der Speicherung<\/h3>\n<p>Personenbezogenen Daten speichern wir nach der Beendigung des Zwecks, f\u00fcr welchen die Daten erhoben wurden, nur solange, wie dies auf Grund der gesetzlichen (insbesondere steuerrechtlichen) Vorschriften erforderlich ist.<\/p>\n<h2>Deine Rechte<\/h2>\n<p>Du kannst von uns eine Auskunft dar\u00fcber verlangen, ob wir personenbezogene Daten von Dir verarbeiten. Falls wir personenbezogenen Daten von Dir vorhalten, hast Du ein Recht auf Auskunft \u00fcber diese Daten und auf die in Art. 15 DSGVO genannten weiteren Informationen.<\/p>\n<h3>Recht auf Berichtigung<\/h3>\n<p>Du hast das Recht auf Berichtigung der Dich betreffenden unrichtigen personenbezogenen Daten und Du kannst gem\u00e4\u00df Art. 16 DSGVO die Vervollst\u00e4ndigung unvollst\u00e4ndiger personenbezogener Daten verlangen.<\/p>\n<h3>Recht auf L\u00f6schung<\/h3>\n<p>Du hast das Recht von mir zu verlangen, dass die Dich betreffenden personenbezogenen Daten unverz\u00fcglich gel\u00f6scht werden. Ich bin verpflichtet diese unverz\u00fcglich zu l\u00f6schen, insbesondere sofern einer der folgenden Gr\u00fcnde zutrifft:<\/p>\n<ul>\n<li>Deine personenbezogenen Daten sind f\u00fcr die Zwecke, f\u00fcr die sie erhoben oder auf sonstige Weise verarbeitet wurden, nicht mehr notwendig.<\/li>\n<li>Du\u00a0 widerrufst die Einwilligung, auf die sich die Verarbeitung Deiner Daten st\u00fctzt, und es fehlt an einer anderweitigen Rechtsgrundlage f\u00fcr die Verarbeitung.<\/li>\n<li>Deine Daten wurden unrechtm\u00e4\u00dfig verarbeitet.<\/li>\n<\/ul>\n<p>Das Recht auf L\u00f6schung besteht nicht, soweit Deine personenbezogenen Daten zur Geltendmachung, Aus\u00fcbung oder Verteidigung unserer Rechtsanspr\u00fcche erforderlich sind.<\/p>\n<h3>Recht auf Einschr\u00e4nkung der Verarbeitung<\/h3>\n<p>Du hast das Recht von mir die Einschr\u00e4nkung der Verarbeitung Deiner personenbezogenen Daten zu verlangen, wenn<\/p>\n<ul>\n<li>Du die Richtigkeit der Daten bestreiten und wir daher die Richtigkeit \u00fcberpr\u00fcfen,<\/li>\n<li>die Verarbeitung unrechtm\u00e4\u00dfig ist und Du die L\u00f6schung ablehnen und stattdessen die Einschr\u00e4nkung der Nutzung verlangst<\/li>\n<li>wir die Daten nicht l\u00e4nger ben\u00f6tigen, Du diese jedoch zur Geltendmachung, Aus\u00fcbung oder Verteidigung von Rechtsanspr\u00fcchen ben\u00f6tigen,<\/li>\n<li>Sie Widerspruch gegen die Verarbeitung Deiner Daten eingelegt hast, und noch nicht feststeht, ob meine berechtigten Gr\u00fcnde gegen\u00fcber deinen Gr\u00fcnden \u00fcberwiegen.<\/li>\n<\/ul>\n<h3>Recht auf Daten\u00fcbertragbarkeit<\/h3>\n<p>Du hast das Recht die dich betreffenden personenbezogenen Daten, die Du mir bereitgestellt hast, in einem strukturierten, g\u00e4ngigen und maschinenlesbaren Format zu erhalten und Du hast das Recht, diese Daten einem anderen Verantwortlichen ohne Behinderung durch mich zu \u00fcbermitteln, sofern die Verarbeitung auf einer Einwilligung oder einem Vertrag beruht und die Verarbeitung bei mir mithilfe automatisierter Verfahren erfolgt.<\/p>\n<h3>Widerrufsrecht<\/h3>\n<p>Soweit die Verarbeitung Deiner personenbezogenen Daten auf einer Einwilligung beruht, hast Du das Recht diese Einwilligung jederzeit zu widerrufen.<\/p>\n<h3>Allgemeines und Beschwerderecht<\/h3>\n<p>Die Aus\u00fcbung Deiner vorstehenden Rechte ist f\u00fcr Dich grunds\u00e4tzlich kostenlos. Du hast das Recht sich bei Beschwerden direkt an die f\u00fcr mich zust\u00e4ndige Aufsichtsbeh\u00f6rde, den Landesdatenschutzbeauftragen, zu wenden.<\/p>\n<h3>Datensicherheit<\/h3>\n<p>S\u00e4mtliche Daten auf unserer Website werden durch technische und organisatorische Ma\u00dfnahmen gegen Verlust, Zerst\u00f6rung, Zugriff, Ver\u00e4nderung und Verbreitung gesichert.<\/p>\n<h3>Analyse des Besucheraufkommens<\/h3>\n<p>Ich bin bestrebt, diesen Webauftritt kontinuierlich zu verbessern und auf die Bed\u00fcrfnisse des Besuchers zu optimieren. Deshalb verwenden ich einen Webanalysedienst, der sogenannte \u201cCookies\u201d verwendet. Das sind Textdateien, die auf Deinem Computer gespeichert werden und mir eine Analyse der Benutzung der Webseite erm\u00f6glicht. Zu diesem Zweck werden die durch den Cookie erzeugten Nutzungsinformationen (einschlie\u00dflich Deiner gek\u00fcrzten IP-Adresse) an einen Server \u00fcbertragen und zu Nutzungsanalysezwecken gespeichert, was der Webseitenoptimierung unsererseits dient. Deine IP-Adresse wird bei diesem Vorgang umgehend anonymisiert, so dass Du als Nutzer f\u00fcr mich anonym bleibst. Die durch den Cookie erzeugten Informationen \u00fcber Deine Benutzung dieser Webseite werden nicht an Dritte weitergegeben. Du kannst die Verwendung der Cookies durch eine entsprechende Einstellung Deoner Browser Software verhindern, es kann jedoch sein, dass Du in diesem Fall gegebenenfalls nicht s\u00e4mtliche Funktionen dieser Website voll umf\u00e4nglich nutzen kannst.<\/p>\n<p>Du kannst Deinen Browser so einstellen, dass Du \u00fcber das Setzen von Cookies informiert wirst und einzeln \u00fcber deren Annahme entscheiden oder die Annahme von Cookies f\u00fcr bestimmte F\u00e4lle oder generell ausschlie\u00dfen. Bitte beachte dabei, dass Du m\u00f6glicherweise einige Funktionen dieser Website nicht nutzen kannst, wenn die Cookies deaktiviert sind. Wir stellen sicher, dass keine personenbezogenen Daten aus Sessions oder durch Cookies \u00fcbernommen werden und Cookies nur eingesetzt werden, sofern dies f\u00fcr die Website erforderlich ist. Somit ergibt die Abw\u00e4gung, dass keine \u00fcberwiegenden Interessen Ihrerseits entgegenstehen (Art. 6 I f DSGVO).Wenn Du mit der Speicherung und Auswertung dieser Daten aus Deinem Besuch nicht einverstanden bist, dann kannst Du der Speicherung und Nutzung nachfolgend per Mausklick jederzeit widersprechen. In diesem Fall wird in Deinem Browser ein sog. Opt-Out-Cookie abgelegt, was zur Folge hat, dass Matomo keinerlei Sitzungsdaten erhebt. Achtung: Wenn Du Deine Cookies l\u00f6schst, so hat dies zur Folge, dass auch das Opt-Out-Cookie gel\u00f6scht wird und ggf. von Dir erneut aktiviert werden muss.<\/p>\n<p><em>Wir weisen darauf hin, dass dennoch keine elektronische Kommunikation vollkommen sicher ist und von Dir \u00fcber das Internet \u00fcbertragene \/ versandte Daten gegebenenfalls von Dritten abgefangen und genutzt werden k\u00f6nnten.<\/em><\/p>\n<div class=\"fusion-text\"><\/div>\n<h3>Sicherheitshinweis<\/h3>\n<p>Ich bin bem\u00fcht, Deine personenbezogenen Daten durch Ergreifung aller technischen und organisatorischen M\u00f6glichkeiten so zu speichern, dass sie f\u00fcr Dritte nicht zug\u00e4nglich sind. Bei der Kommunikation per E-Mail oder \u00fcber Online-Formulare kann die vollst\u00e4ndige Datensicherheit nicht gew\u00e4hrleistet werden, so dass bei vertraulichen Informationen der Postweg empfohlen wird.<\/p>\n<h3><strong>Rechtsgrundlage:<\/strong><\/h3>\n<p>Rechtsgrundlage ist Art. 6 Abs. 1 DSGVO, die Verwendung erfolgt auf Basis unseres berechtigten Interesses unsere Internetseite und die dort enthaltenen Angebote nutzerfreundlich zu gestalten.<\/p>\n<p><em>Solltest Du noch Fragen, Anregungen oder Kritik zum Thema Datenschutz haben oder betreffend die Erhebung, Verarbeitung und\/oder der Nutzung Deiner personenbezogenen Daten, so freuen wir uns \u00fcber Deine Nachricht. Ich bem\u00fche mich, Dir schnellst m\u00f6glich zu antworten.<\/em><\/p>\n<h3><a href=\"http:\/\/www.aktiv-panorama.de\/impressum\/kontaktformular\/\"><b>Kontaktaufnahme<\/b><\/a><\/h3>\n<p>Zur Kontaktaufnahme bez\u00fcglich des Datenschutzes kannst Du Dich gerne an mich unter Verwendung der nachfolgenden Kontaktm\u00f6glichkeiten wenden.<br \/>\nVerantwortlicher im Sinne der DSGVO:<\/p>\n<p>R\u00fcdiger Kottmann<br \/>\nFischerstra\u00dfe 29\/2<br \/>\n73061 Ebersbach \/ Fils<br \/>\nE-Mail: <a href=\"mailto:kontakt@aktiv-panorama.de\">kontakt@aktiv-fotobox.de<\/a><br \/>\nTel.: 0049 (0) 173 \/ 3416133<\/p>\n","protected":false},"excerpt":{"rendered":"<p>Der Schutz Deiner personenbezogenen Daten bei der Erhebung, Verarbeitung und  [&#8230;]<\/p>\n","protected":false},"author":1,"featured_media":0,"parent":0,"menu_order":0,"comment_status":"closed","ping_status":"closed","template":"100-width.php","meta":{"footnotes":""},"class_list":["post-104","page","type-page","status-publish","hentry"],"yoast_head":"<!-- This site is optimized with the Yoast SEO plugin v27.5 - https:\/\/yoast.com\/product\/yoast-seo-wordpress\/ -->\n<title>Datenschutz<\/title>\n<meta name=\"robots\" content=\"index, follow, max-snippet:-1, max-image-preview:large, max-video-preview:-1\" \/>\n<link rel=\"canonical\" href=\"https:\/\/aktiv-fotobox.de\/?page_id=104\" \/>\n<meta property=\"og:locale\" content=\"de_DE\" \/>\n<meta property=\"og:type\" content=\"article\" \/>\n<meta property=\"og:title\" content=\"Datenschutz\" \/>\n<meta property=\"og:description\" content=\"Der Schutz Deiner personenbezogenen Daten bei der Erhebung, Verarbeitung und [...]\" \/>\n<meta property=\"og:url\" content=\"https:\/\/aktiv-fotobox.de\/?page_id=104\" \/>\n<meta property=\"og:site_name\" content=\"Fotobox\" \/>\n<meta property=\"article:modified_time\" content=\"2026-02-14T08:57:52+00:00\" \/>\n<meta name=\"twitter:card\" content=\"summary_large_image\" \/>\n<meta name=\"twitter:label1\" content=\"Gesch\u00e4tzte Lesezeit\" \/>\n\t<meta name=\"twitter:data1\" content=\"9\u00a0Minuten\" \/>\n<script type=\"application\/ld+json\" class=\"yoast-schema-graph\">{\"@context\":\"https:\\\/\\\/schema.org\",\"@graph\":[{\"@type\":\"WebPage\",\"@id\":\"https:\\\/\\\/aktiv-fotobox.de\\\/?page_id=104\",\"url\":\"https:\\\/\\\/aktiv-fotobox.de\\\/?page_id=104\",\"name\":\"Datenschutz\",\"isPartOf\":{\"@id\":\"https:\\\/\\\/aktiv-fotobox.de\\\/#website\"},\"datePublished\":\"2026-02-10T18:35:02+00:00\",\"dateModified\":\"2026-02-14T08:57:52+00:00\",\"breadcrumb\":{\"@id\":\"https:\\\/\\\/aktiv-fotobox.de\\\/?page_id=104#breadcrumb\"},\"inLanguage\":\"de\",\"potentialAction\":[{\"@type\":\"ReadAction\",\"target\":[\"https:\\\/\\\/aktiv-fotobox.de\\\/?page_id=104\"]}]},{\"@type\":\"BreadcrumbList\",\"@id\":\"https:\\\/\\\/aktiv-fotobox.de\\\/?page_id=104#breadcrumb\",\"itemListElement\":[{\"@type\":\"ListItem\",\"position\":1,\"name\":\"Start\",\"item\":\"https:\\\/\\\/aktiv-fotobox.de\\\/\"},{\"@type\":\"ListItem\",\"position\":2,\"name\":\"Datenschutz\"}]},{\"@type\":\"WebSite\",\"@id\":\"https:\\\/\\\/aktiv-fotobox.de\\\/#website\",\"url\":\"https:\\\/\\\/aktiv-fotobox.de\\\/\",\"name\":\"Fotobox\",\"description\":\"meine Fotobox mieten\",\"potentialAction\":[{\"@type\":\"SearchAction\",\"target\":{\"@type\":\"EntryPoint\",\"urlTemplate\":\"https:\\\/\\\/aktiv-fotobox.de\\\/?s={search_term_string}\"},\"query-input\":{\"@type\":\"PropertyValueSpecification\",\"valueRequired\":true,\"valueName\":\"search_term_string\"}}],\"inLanguage\":\"de\"}]}<\/script>\n<!-- \/ Yoast SEO plugin. -->","yoast_head_json":{"title":"Datenschutz","robots":{"index":"index","follow":"follow","max-snippet":"max-snippet:-1","max-image-preview":"max-image-preview:large","max-video-preview":"max-video-preview:-1"},"canonical":"https:\/\/aktiv-fotobox.de\/?page_id=104","og_locale":"de_DE","og_type":"article","og_title":"Datenschutz","og_description":"Der Schutz Deiner personenbezogenen Daten bei der Erhebung, Verarbeitung und [...]","og_url":"https:\/\/aktiv-fotobox.de\/?page_id=104","og_site_name":"Fotobox","article_modified_time":"2026-02-14T08:57:52+00:00","twitter_card":"summary_large_image","twitter_misc":{"Gesch\u00e4tzte Lesezeit":"9\u00a0Minuten"},"schema":{"@context":"https:\/\/schema.org","@graph":[{"@type":"WebPage","@id":"https:\/\/aktiv-fotobox.de\/?page_id=104","url":"https:\/\/aktiv-fotobox.de\/?page_id=104","name":"Datenschutz","isPartOf":{"@id":"https:\/\/aktiv-fotobox.de\/#website"},"datePublished":"2026-02-10T18:35:02+00:00","dateModified":"2026-02-14T08:57:52+00:00","breadcrumb":{"@id":"https:\/\/aktiv-fotobox.de\/?page_id=104#breadcrumb"},"inLanguage":"de","potentialAction":[{"@type":"ReadAction","target":["https:\/\/aktiv-fotobox.de\/?page_id=104"]}]},{"@type":"BreadcrumbList","@id":"https:\/\/aktiv-fotobox.de\/?page_id=104#breadcrumb","itemListElement":[{"@type":"ListItem","position":1,"name":"Start","item":"https:\/\/aktiv-fotobox.de\/"},{"@type":"ListItem","position":2,"name":"Datenschutz"}]},{"@type":"WebSite","@id":"https:\/\/aktiv-fotobox.de\/#website","url":"https:\/\/aktiv-fotobox.de\/","name":"Fotobox","description":"meine Fotobox mieten","potentialAction":[{"@type":"SearchAction","target":{"@type":"EntryPoint","urlTemplate":"https:\/\/aktiv-fotobox.de\/?s={search_term_string}"},"query-input":{"@type":"PropertyValueSpecification","valueRequired":true,"valueName":"search_term_string"}}],"inLanguage":"de"}]}},"_links":{"self":[{"href":"https:\/\/aktiv-fotobox.de\/index.php?rest_route=\/wp\/v2\/pages\/104","targetHints":{"allow":["GET"]}}],"collection":[{"href":"https:\/\/aktiv-fotobox.de\/index.php?rest_route=\/wp\/v2\/pages"}],"about":[{"href":"https:\/\/aktiv-fotobox.de\/index.php?rest_route=\/wp\/v2\/types\/page"}],"author":[{"embeddable":true,"href":"https:\/\/aktiv-fotobox.de\/index.php?rest_route=\/wp\/v2\/users\/1"}],"replies":[{"embeddable":true,"href":"https:\/\/aktiv-fotobox.de\/index.php?rest_route=%2Fwp%2Fv2%2Fcomments&post=104"}],"version-history":[{"count":4,"href":"https:\/\/aktiv-fotobox.de\/index.php?rest_route=\/wp\/v2\/pages\/104\/revisions"}],"predecessor-version":[{"id":204,"href":"https:\/\/aktiv-fotobox.de\/index.php?rest_route=\/wp\/v2\/pages\/104\/revisions\/204"}],"wp:attachment":[{"href":"https:\/\/aktiv-fotobox.de\/index.php?rest_route=%2Fwp%2Fv2%2Fmedia&parent=104"}],"curies":[{"name":"wp","href":"https:\/\/api.w.org\/{rel}","templated":true}]}}