{"id":97,"date":"2026-02-10T18:26:00","date_gmt":"2026-02-10T18:26:00","guid":{"rendered":"https:\/\/aktiv-fotobox.de\/?page_id=97"},"modified":"2026-02-10T18:26:00","modified_gmt":"2026-02-10T18:26:00","slug":"impressum","status":"publish","type":"page","link":"https:\/\/aktiv-fotobox.de\/?page_id=97","title":{"rendered":"Impressum"},"content":{"rendered":"<div>\n<h3>verantwortlich f\u00fcr den Inhalt dieser Webseite ist<\/h3>\n<h3><strong>R\u00fcdiger Kottmann<\/strong><\/h3>\n<\/div>\n<p><strong>Fischerstra\u00dfe 29\/2<\/strong><br \/>\n<strong>D-73061 Ebersbach<\/strong><\/p>\n<p>Mobil: +49-173 \/ 3416133<br \/>\nTel.:\u00a0 +49-7163 \/ 533615<\/p>\n<p>E-Mail: \u00a0 \u00a0<a href=\"mailto:kontakt@aktiv-panorama.de\">kontakt@aktiv-panorama.de<br \/>\n<\/a>Internet:\u00a0\u00a0<a href=\"http:\/\/www.aktiv-panorama.de\/\" target=\"_top\">www.aktiv-panorama.de<\/a><\/p>\n<address><strong>USt-IdNr.: DE289729462<\/strong><\/address>\n<h3>Haftungsausschluss<\/h3>\n<p>Die Inhalte dieses Informationsangebots im Internet wurden nach bestem Wissen sorgf\u00e4ltig zusammengestellt und gepr\u00fcft. Es wird keine Gew\u00e4hr \u2013 weder ausdr\u00fccklich noch stillschweigend \u2013 f\u00fcr die Vollst\u00e4ndigkeit, Richtigkeit, Aktualit\u00e4t oder Qualit\u00e4t und jederzeitige Verf\u00fcgbarkeit der bereitgestellten Informationen \u00fcbernommen. In keinem Fall wird f\u00fcr Sch\u00e4den, die sich aus der Verwendung der abgerufenen Informationen ergeben, eine Haftung \u00fcbernommen.<\/p>\n<h3>Websites Dritter, Anbieter und Links<\/h3>\n<p>Dieses Informationsangebot enth\u00e4lt auch Links oder Verweise auf Websites Dritter. Diese Links zu den Websites Dritter stellen keine Zustimmung zu deren Inhalten durch den Betreiber dieser Seite dar. Es wird keine Verantwortung f\u00fcr die Verf\u00fcgbarkeit oder den Inhalt solcher Websites \u00fcbernommen und keine Haftung f\u00fcr Sch\u00e4den oder Verletzungen, die aus der Nutzung \u2013 gleich welcher Art \u2013 solcher Inhalte entstehen. Mit den Links zu anderen Websites vermittelt der Betreiber dieser Internet-Seite den Nutzern lediglich den Zugang zur Nutzung der Inhalte. F\u00fcr illegale, fehlerhafte oder unvollst\u00e4ndige Inhalte und f\u00fcr Sch\u00e4den, die aus der Nutzung entstehen, haftet allein der Anbieter der Seite, auf welche verwiesen wurde.<\/p>\n<h3>Urheber- und Kennzeichenrecht<\/h3>\n<p>Gem\u00e4\u00df \u00a7 4 Abs. 1, Abs. 2 UrhG ist der gesamte Internet-Auftritt Urheberrechtsschutz umfasst. Weiterverwendung und Vervielf\u00e4ltigung sind nur mit schriftlicher Genehmigung gestattet. In jedem Fall gelten die gesetzlichen Copyright-Bestimmungen. Bei Versto\u00df werden umgehend strafrechtliche Schritte eingeleitet.<\/p>\n<h3>Markenschutz<\/h3>\n<p>Aufgef\u00fchrte Warenzeichen, Produktnamen, Firmennamen und Logos sind Eigentum der jeweiligen Hersteller und Urheber.<\/p>\n","protected":false},"excerpt":{"rendered":"<p>verantwortlich f\u00fcr den Inhalt dieser Webseite ist R\u00fcdiger Kottmann Fischerstra\u00dfe  [&#8230;]<\/p>\n","protected":false},"author":1,"featured_media":0,"parent":0,"menu_order":0,"comment_status":"closed","ping_status":"closed","template":"100-width.php","meta":{"footnotes":""},"class_list":["post-97","page","type-page","status-publish","hentry"],"yoast_head":"<!-- This site is optimized with the Yoast SEO plugin v27.5 - https:\/\/yoast.com\/product\/yoast-seo-wordpress\/ -->\n<title>Impressum<\/title>\n<meta name=\"robots\" content=\"index, follow, max-snippet:-1, max-image-preview:large, max-video-preview:-1\" \/>\n<link rel=\"canonical\" href=\"https:\/\/aktiv-fotobox.de\/?page_id=97\" \/>\n<meta property=\"og:locale\" content=\"de_DE\" \/>\n<meta property=\"og:type\" content=\"article\" \/>\n<meta property=\"og:title\" content=\"Impressum\" \/>\n<meta property=\"og:description\" content=\"verantwortlich f\u00fcr den Inhalt dieser Webseite ist R\u00fcdiger Kottmann Fischerstra\u00dfe [...]\" \/>\n<meta property=\"og:url\" content=\"https:\/\/aktiv-fotobox.de\/?page_id=97\" \/>\n<meta property=\"og:site_name\" content=\"Fotobox\" \/>\n<meta name=\"twitter:card\" content=\"summary_large_image\" \/>\n<script type=\"application\/ld+json\" class=\"yoast-schema-graph\">{\"@context\":\"https:\\\/\\\/schema.org\",\"@graph\":[{\"@type\":\"WebPage\",\"@id\":\"https:\\\/\\\/aktiv-fotobox.de\\\/?page_id=97\",\"url\":\"https:\\\/\\\/aktiv-fotobox.de\\\/?page_id=97\",\"name\":\"Impressum\",\"isPartOf\":{\"@id\":\"https:\\\/\\\/aktiv-fotobox.de\\\/#website\"},\"datePublished\":\"2026-02-10T18:26:00+00:00\",\"breadcrumb\":{\"@id\":\"https:\\\/\\\/aktiv-fotobox.de\\\/?page_id=97#breadcrumb\"},\"inLanguage\":\"de\",\"potentialAction\":[{\"@type\":\"ReadAction\",\"target\":[\"https:\\\/\\\/aktiv-fotobox.de\\\/?page_id=97\"]}]},{\"@type\":\"BreadcrumbList\",\"@id\":\"https:\\\/\\\/aktiv-fotobox.de\\\/?page_id=97#breadcrumb\",\"itemListElement\":[{\"@type\":\"ListItem\",\"position\":1,\"name\":\"Start\",\"item\":\"https:\\\/\\\/aktiv-fotobox.de\\\/\"},{\"@type\":\"ListItem\",\"position\":2,\"name\":\"Impressum\"}]},{\"@type\":\"WebSite\",\"@id\":\"https:\\\/\\\/aktiv-fotobox.de\\\/#website\",\"url\":\"https:\\\/\\\/aktiv-fotobox.de\\\/\",\"name\":\"Fotobox\",\"description\":\"meine Fotobox mieten\",\"potentialAction\":[{\"@type\":\"SearchAction\",\"target\":{\"@type\":\"EntryPoint\",\"urlTemplate\":\"https:\\\/\\\/aktiv-fotobox.de\\\/?s={search_term_string}\"},\"query-input\":{\"@type\":\"PropertyValueSpecification\",\"valueRequired\":true,\"valueName\":\"search_term_string\"}}],\"inLanguage\":\"de\"}]}<\/script>\n<!-- \/ Yoast SEO plugin. -->","yoast_head_json":{"title":"Impressum","robots":{"index":"index","follow":"follow","max-snippet":"max-snippet:-1","max-image-preview":"max-image-preview:large","max-video-preview":"max-video-preview:-1"},"canonical":"https:\/\/aktiv-fotobox.de\/?page_id=97","og_locale":"de_DE","og_type":"article","og_title":"Impressum","og_description":"verantwortlich f\u00fcr den Inhalt dieser Webseite ist R\u00fcdiger Kottmann Fischerstra\u00dfe [...]","og_url":"https:\/\/aktiv-fotobox.de\/?page_id=97","og_site_name":"Fotobox","twitter_card":"summary_large_image","schema":{"@context":"https:\/\/schema.org","@graph":[{"@type":"WebPage","@id":"https:\/\/aktiv-fotobox.de\/?page_id=97","url":"https:\/\/aktiv-fotobox.de\/?page_id=97","name":"Impressum","isPartOf":{"@id":"https:\/\/aktiv-fotobox.de\/#website"},"datePublished":"2026-02-10T18:26:00+00:00","breadcrumb":{"@id":"https:\/\/aktiv-fotobox.de\/?page_id=97#breadcrumb"},"inLanguage":"de","potentialAction":[{"@type":"ReadAction","target":["https:\/\/aktiv-fotobox.de\/?page_id=97"]}]},{"@type":"BreadcrumbList","@id":"https:\/\/aktiv-fotobox.de\/?page_id=97#breadcrumb","itemListElement":[{"@type":"ListItem","position":1,"name":"Start","item":"https:\/\/aktiv-fotobox.de\/"},{"@type":"ListItem","position":2,"name":"Impressum"}]},{"@type":"WebSite","@id":"https:\/\/aktiv-fotobox.de\/#website","url":"https:\/\/aktiv-fotobox.de\/","name":"Fotobox","description":"meine Fotobox mieten","potentialAction":[{"@type":"SearchAction","target":{"@type":"EntryPoint","urlTemplate":"https:\/\/aktiv-fotobox.de\/?s={search_term_string}"},"query-input":{"@type":"PropertyValueSpecification","valueRequired":true,"valueName":"search_term_string"}}],"inLanguage":"de"}]}},"_links":{"self":[{"href":"https:\/\/aktiv-fotobox.de\/index.php?rest_route=\/wp\/v2\/pages\/97","targetHints":{"allow":["GET"]}}],"collection":[{"href":"https:\/\/aktiv-fotobox.de\/index.php?rest_route=\/wp\/v2\/pages"}],"about":[{"href":"https:\/\/aktiv-fotobox.de\/index.php?rest_route=\/wp\/v2\/types\/page"}],"author":[{"embeddable":true,"href":"https:\/\/aktiv-fotobox.de\/index.php?rest_route=\/wp\/v2\/users\/1"}],"replies":[{"embeddable":true,"href":"https:\/\/aktiv-fotobox.de\/index.php?rest_route=%2Fwp%2Fv2%2Fcomments&post=97"}],"version-history":[{"count":1,"href":"https:\/\/aktiv-fotobox.de\/index.php?rest_route=\/wp\/v2\/pages\/97\/revisions"}],"predecessor-version":[{"id":98,"href":"https:\/\/aktiv-fotobox.de\/index.php?rest_route=\/wp\/v2\/pages\/97\/revisions\/98"}],"wp:attachment":[{"href":"https:\/\/aktiv-fotobox.de\/index.php?rest_route=%2Fwp%2Fv2%2Fmedia&parent=97"}],"curies":[{"name":"wp","href":"https:\/\/api.w.org\/{rel}","templated":true}]}}