{"id":99,"date":"2026-02-10T18:28:48","date_gmt":"2026-02-10T18:28:48","guid":{"rendered":"https:\/\/aktiv-fotobox.de\/?page_id=99"},"modified":"2026-02-14T11:46:55","modified_gmt":"2026-02-14T11:46:55","slug":"allgemeine-geschaeftsbeingungen","status":"publish","type":"page","link":"https:\/\/aktiv-fotobox.de\/?page_id=99","title":{"rendered":"Allgemeine Gesch\u00e4ftsbeingungen"},"content":{"rendered":"<h4>F\u00fcr alle Vertragsschl\u00fcsse zwischen mir (im Folgenden \u201eDienstleister\u201c) und Dir (im Folgenden \u201eKunde\u201c) gelten die nachfolgenden Allgemeinen Gesch\u00e4ftsbedingungen (im Folgenden \u201eAGB\u201c):<\/h4>\n<hr \/>\n<h3><b>\u00a7 1 Geltungsbereich, Begriffsbestimmungen\u00a0<\/b><\/h3>\n<p>(1) \u00a0F\u00fcr die <strong>Gesch\u00e4ftsbeziehung<\/strong> zwischen dem Dienstleister und dem Kunden gelten ausschlie\u00dflich die nachfolgenden <strong>AGB<\/strong> des Fotografen in ihrer zum Zeitpunkt des Vertragsschlusses mit dem Auftraggeber g\u00fcltigen Fassung.<\/p>\n<p>(2) \u00a0Abweichende Bedingungen des Auftraggebers werden nicht anerkannt, es sei denn, der Fotograf stimmt ihrer Geltung ausdr\u00fccklich schriftlich zu.<\/p>\n<p>(3) \u00a0Auch wenn beim Abschluss gleichartiger Vertr\u00e4ge auf diese AGB nicht nochmals gesondert Bezug genommen wird, gelten ausschlie\u00dflich <a href=\"http:\/\/www.aktiv-panorama.de\/impressum\/allgemeine-geschaeftsbedingungen\" target=\"_blank\" rel=\"noopener\">diese AGB<\/a> in ihrer bei Vertragsschluss abrufbaren Fassung, es sei denn, die Parteien vereinbaren ausdr\u00fccklich etwas anderes.<\/p>\n<p>(4) \u00a0Diese AGB gelten nur f\u00fcr Auftraggeber, die Unternehmer i. S. d. <strong>\u00a7 14 BGB<\/strong> sind. Unternehmer ist jede nat\u00fcrliche oder juristische Person oder rechtsf\u00e4hige Personengesellschaft, die bei Abschluss eines Rechtsgesch\u00e4fts in Aus\u00fcbung ihrer gewerblichen oder selbst\u00e4ndigen beruflichen T\u00e4tigkeit handelt.<\/p>\n<h3><b>\u00a7 2 Auftrag\u00a0<\/b><\/h3>\n<p>(1) <strong>Angebote und Kostenvoranschl\u00e4ge<\/strong> des Vermieters sind freibleibend und unverbindlich. Erst durch die darauf folgende Beauftragung des Auftraggebers kommt ein Vertrag zustande.<\/p>\n<p>(2) \u00a0Treten w\u00e4hrend des Auftrags unvorhergesehene Kostenerh\u00f6hungen ein, sind diese erst dann vom Fotografen anzuzeigen, wenn abzusehen ist, dass die im Auftrag veranschlagten Kosten hierdurch um mehr als 15% \u00fcberschritten werden.<\/p>\n<p>(3) \u00a0Bei einer \u00dcberschreitung der vorgesehenen Auftragsdauer ist eine zus\u00e4tzliche Verg\u00fctung auf Basis des vereinbarten Zeithonorars bzw. in Form einer angemessenen Erh\u00f6hung des Pauschalhonorars seitens des Auftraggebers geschuldet, sofern der Fotograf die \u00dcberschreitung nicht zu vertreten hat.<\/p>\n<h3><b>\u00a7 3 Rechte Dritter\u00a0<\/b><\/h3>\n<p>(1) \u00a0Der Auftraggeber ist verpflichtet die f\u00fcr die Durchf\u00fchrung des Auftrags erforderlichen <strong>Zustimmungen und Einwilligungen aller abgebildete Personen<\/strong> und sonstigen Rechteinhaber einzuholen.<\/p>\n<p>(2) \u00a0Soweit Dritte den Fotografen wegen einer <strong>Verletzung ihrer Rechte<\/strong> in Anspruch nehmen, hat der Auftraggeber den Fotografen insoweit <strong>freizustellen,<\/strong> als dieser seine vorgenannte Pflicht verletzt hat.<\/p>\n<p>(3) \u00a0Der Fotograf ist berechtigt, Leistungen Dritter, die zur Durchf\u00fchrung des Auftrags erforderlich sind, im Namen und auf Rechnung des Auftraggebers zu beauftragen. Eine entsprechende Vollmacht des Auftraggebers gilt mit Vertragsabschluss als erteilt.<\/p>\n<h3><b>\u00a7 4 Abnahme<\/b><\/h3>\n<p>(1) \u00a0Die <strong>Auswahl<\/strong> der im Rahmen des Auftrags angefertigten Aufnahmen obliegt dem Fotografen.<\/p>\n<p>(2) \u00a0Der Auftraggeber ist verpflichtet, die ihm seitens des Fotografen \u00fcbergebenen Aufnahmen unverz\u00fcglich zu untersuchen und etwaige M\u00e4ngel dem Fotografen unverz\u00fcglich anzuzeigen. Bei Verletzung dieser Untersuchungs- und R\u00fcgeobliegenheit gelten die Aufnahmen in Ansehung des betreffenden Mangels als vertragsgem\u00e4\u00df.<\/p>\n<p>(3) \u00a0Mit <strong>\u00dcbergabe der Aufnahmen<\/strong>, gleich ob digital oder analog, geht die Gefahr des zuf\u00e4lligen Untergangs und der zuf\u00e4lligen Verschlechterung auf den Auftraggeber \u00fcber. Des weiteren gelten die gesetzlichen Bestimmungen.<\/p>\n<h3><b>\u00a7 5 Honorar\u00a0<\/b><\/h3>\n<p>(1) \u00a0Der Fotograf hat <strong>Anspruch<\/strong> auf das im Auftrag vereinbarte <strong>Honorar.<\/strong><\/p>\n<p>(2) \u00a0Ist f\u00fcr den Auftrag ein bestimmter Termin vereinbart worden, hat der Fotograf auch dann Anspruch auf das im Auftrag vereinbarte Honorar, wenn der Termin aus Gr\u00fcnden, die im Verantwortungsbereich des Auftraggebers liegen, weniger als <strong>24 Stunden<\/strong> vor dem vereinbarten Termin abgesagt wird (Ausfallhonorar). Der Fotograf muss sich jedoch dasjenige anrechnen lassen, was er in Folge der Absage des Termins an Aufwendungen erspart oder durch anderweitige Verwendung seiner Arbeitskraft erworben oder zu erwerben b\u00f6swillig unterlassen hat.<\/p>\n<p>(3) \u00a0Ist die H\u00f6he des Honorars im Auftrag nicht bestimmt, gilt ein angemessenes Honorar als vereinbart. Hilfsweise ist auf die jeweils aktuelle Bildhonorar\u00fcbersicht der <a href=\"https:\/\/bvpa.org\/mfm\/\" target=\"_blank\" rel=\"noopener\">Mittelstandsgemeinschaft Foto-Marketing<\/a> (MFM) zur\u00fcck zu greifen.<\/p>\n<p>(4) \u00a0Alle Angaben verstehen sich zuz\u00fcglich der jeweils g\u00fcltigen gesetzlichen Umsatzsteuer.<\/p>\n<p>(5) \u00a0Durch den Auftrag anfallende sonstige Kosten und Auslagen (z.B. Material- und Laborkosten, Modellhonorare, Kosten f\u00fcr erforderliche Requisiten, Reisekosten, erforderliche Spesen etc.) sind nicht im Honorar enthalten und vom Auftraggeber gesondert zu verf\u00fcgen.<\/p>\n<p>(6) \u00a0Der Honoraranspruch wird bei \u00dcbergabe der Aufnahme an den Auftraggeber f\u00e4llig. Besteht der Auftrag aus mehreren Teilen, ist der jeweilige Teil des Honoraranspruchs mit der \u00dcbergabe der Teilleistung f\u00e4llig. Der Fotograf ist ebenfalls berechtigt, Abschlagszahlungen entsprechend dem jeweils erbrachten Leistungsumfang zu verlangen. Das Ausfallhonorar wird mit Absage des vereinbarten Termins f\u00e4llig.<\/p>\n<p>(7) \u00a0Der Auftraggeber hat ein Aufrechnungs- oder Zur\u00fcckbehaltungsrecht nur wegen rechtskr\u00e4ftig festgestellter oder unbestrittener Gegenforderungen.<\/p>\n<h3><b>\u00a7 6 Nutzungsrechte\u00a0<\/b><\/h3>\n<p>(1) \u00a0Der Auftraggeber erwirbt an den Aufnahmen <strong>Nutzungsrechte<\/strong> nur in dem im Auftrag vorgesehenen Umfang.<\/p>\n<p>(2) \u00a0Fehlt hierzu eine entsprechende Regelung im Auftrag, erwirbt der Auftraggeber nur ein <strong>einfaches Nutzungsrecht<\/strong>, zeitlich, r\u00e4umlich und inhaltlich beschr\u00e4nkt auf den dem Auftrag zugrunde liegenden Zweck, ohne das Recht zur Unterlizenzierung.<\/p>\n<p>(3) \u00a0Jede dar\u00fcber hinausgehende Nutzung der Aufnahme, insbesondere deren Verwertung, Vervielf\u00e4ltigung, Verbreitung, Ver\u00f6ffentlichung oder Unterlizenzierung bedarf der vorherigen ausdr\u00fccklichen <strong>Zustimmung<\/strong> des Fotografen und ist gesondert zu verg\u00fcten. Dies gilt auch f\u00fcr jede Bearbeitung oder Umgestaltung der Aufnahme.<\/p>\n<p>(4) \u00a0Sofern nicht im Auftrag ausdr\u00fccklich anders geregelt, ist der Fotograf bei jeder Ver\u00f6ffentlichung der Aufnahme als <strong>Urheber zu benennen<\/strong>. Die Benennung muss bei der Aufnahme erfolgen.<\/p>\n<p>(5) \u00a0Die Einr\u00e4umung der Nutzungsrechte steht unter der aufschiebenden Bedingung der vollst\u00e4ndigen Zahlung des f\u00fcr den Auftrag zu entrichtenden vereinbarten oder angemessenen Honorars.<\/p>\n<h3><b>\u00a7 7 Lizenzierung von Archivaufnahmen\u00a0<\/b><\/h3>\n<p>(1) \u00a0Der Fotograf ist berechtigt, vom Auftraggeber f\u00fcr die Auswahl und Zusammenstellung von Archivaufnahmen eine <strong>Bearbeitungsgeb\u00fchr<\/strong> zu verlangen, die sich der H\u00f6he nach an dem f\u00fcr die Auswahl und Zusammenstellung angefallenen Aufwand orientieren muss, mindestens jedoch <strong>30 \u20ac<\/strong>.<\/p>\n<p>(2) \u00a0Aufnahmen, die der Auftraggeber aus dem Archiv des Fotografen anfordert, werden zur Sichtung und Auswahl auf Gefahr und Rechnung des Auftraggebers versandt und zur\u00fcckgesandt.<\/p>\n<p>(3) \u00a0Der Auftraggeber erh\u00e4lt die Aufnahmen zur Sichtung und Auswahl f\u00fcr die im Auftrag vereinbarte Dauer.<\/p>\n<p>(4) \u00a0Fehlt hierzu eine entsprechende Regelung im Auftrag, erh\u00e4lt der Auftraggeber die Aufnahmen zur Sichtung und Auswahl f\u00fcr die Dauer eines Monats.<\/p>\n<p>(5) \u00a0Kommt ein <strong>Lizenzvertrag<\/strong> zustande, richten sich die weiteren Regelungen, insbesondere die dem Auftraggeber einger\u00e4umten Nutzungsrechte und die hierf\u00fcr zu entrichtenden Lizenzgeb\u00fchren nach dem Lizenzvertrag.<\/p>\n<p>(8) Fehlt hierzu eine entsprechende Regelung im Lizenzvertrag, erwirbt der Auftraggeber nur ein einfaches Nutzungsrecht, zeitlich, r\u00e4umlich und inhaltlich beschr\u00e4nkt auf den der Lizenzierung zugrunde liegenden Zweck, ohne das Recht zur Unterlizenzierung. Angemessene Lizenzgeb\u00fchren gelten als vereinbart. Hilfsweise ist auf die jeweils aktuelle Bildhonorar\u00fcbersicht der <a href=\"https:\/\/bvpa.org\/mfm\/\" target=\"_blank\" rel=\"noopener\">Mittelstandsgemeinschaft Foto-Marketing<\/a> (MFM) zur\u00fcck zu greifen.<\/p>\n<p>(6) \u00a0Jede dar\u00fcber hinausgehende Nutzung der Aufnahme, insbesondere deren Verwertung, Vervielf\u00e4ltigung, Verbreitung, Ver\u00f6ffentlichung oder Unterlizenzierung bedarf der vorherigen ausdr\u00fccklichen Zustimmung des Fotografen und ist gesondert zu verg\u00fcten. Dies gilt auch f\u00fcr jede Bearbeitung oder Umgestaltung der Aufnahme.<\/p>\n<p>(7) \u00a0Sofern nicht im Lizenzvertrag ausdr\u00fccklich anders geregelt, ist der Fotograf bei jeder Ver\u00f6ffentlichung der Aufnahme als <strong>Urheber<\/strong> zu benennen. Die Benennung muss bei der Aufnahme erfolgen.<\/p>\n<p>(8) \u00a0Die Einr\u00e4umung der <strong>Nutzungsrechte<\/strong> steht unter der aufschiebenden Bedingung der vollst\u00e4ndigen Zahlung der zu entrichtenden vereinbarten oder angemessenen Lizenzgeb\u00fchren.<\/p>\n<p>(9) Kommt kein Lizenzvertrag zustande ist die Aufnahme unverz\u00fcglich an den Fotografen zur\u00fcckzusenden, oder zu l\u00f6schen. Die L\u00f6schung ist dem Fotografen auf verlangen schriftlich zu best\u00e4tigen.<\/p>\n<p>(10) Im Falle einer versp\u00e4teten R\u00fccksendung ist der Fotograf berechtigt, unter den gesetzlichen Voraussetzungen Verzugsschaden geltend zu machen.<\/p>\n<h3><b>\u00a7 8 Haftung\u00a0<\/b><\/h3>\n<p>(1) \u00a0Bei Vorsatz und grober Fahrl\u00e4ssigkeit sowie beim Fehlen einer garantierten Eigenschaft haftet der Fotograf unbeschr\u00e4nkt.<\/p>\n<p>(2) \u00a0Bei leichter Fahrl\u00e4ssigkeit haftet der Fotograf im Falle einer Verletzung des Lebens, des K\u00f6rpers und der Gesundheit unbeschr\u00e4nkt. Im \u00dcbrigen haftet der Fotograf bei leichter Fahrl\u00e4ssigkeit nur, sofern eine Pflicht verletzt wird, deren Erf\u00fcllung die ordnungsgem\u00e4\u00dfe Durchf\u00fchrung des Vertrages \u00fcberhaupt erst erm\u00f6glicht, deren Verletzung die Erreichung des Vertragszweckes gef\u00e4hrdet und auf deren Einhaltung der Nutzer regelm\u00e4\u00dfig vertrauen kann (Kardinalspflicht). Bei Verletzung einer Kardinalspflicht ist die Haftung auf den vertragstypisch vorhersehbaren Schaden begrenzt.<\/p>\n<p>(3) \u00a0Die Haftung auf Grund des Produkthaftungsgesetzes und anderer zwingender gesetzlicher Regelungen bleibt unber\u00fchrt.<\/p>\n<p>(4) \u00a0Der Fotograf haftet nicht f\u00fcr eine verz\u00f6gerte oder gar nicht erfolgende Erf\u00fcllung seiner Verpflichtungen aus dem vorliegenden Vertrag in Folge von Gr\u00fcnden, Ereignissen oder anderen Angelegenheiten, die au\u00dferhalb seines zumutbaren Einflussbereichs liegen (h\u00f6here Gewalt).<\/p>\n<p>(5) \u00a0Der Fotograf haftet nicht f\u00fcr die kreative Ausgestaltung, solange sich diese im Rahmen des erteilten Auftrages bewegt.<\/p>\n<p>(6) \u00a0Die vorstehenden Regelungen gelten entsprechend f\u00fcr die gesetzlichen Vertreter oder Erf\u00fcllungsgehilfen des Fotografen.<\/p>\n<h3><b>\u00a7 9 Vertragsstrafe\/ Schadensersatz\u00a0<\/b><\/h3>\n<p>(1) \u00a0Bei unberechtigter Nutzung, Bearbeitung, Umgestaltung oder Unterlizenzierung ist der Fotograf berechtigt, vom Auftraggeber je Einzelfall eine Vertragsstrafe in H\u00f6he der f\u00fcnffachen vereinbarten oder, mangels Vereinbarung, der f\u00fcnffachen angemessenen Verg\u00fctung zu fordern, mindestens jedoch 500\u20ac. Die Geltendmachung eines weitergehenden Schadensersatzanspruchs bleibt hiervon unber\u00fchrt.<\/p>\n<p>(2) \u00a0Bei vereinbarter aber unterlassener Urhebernennung ist der Fotograf berechtigt, vom Auftraggeber je Einzelfall eine Vertragsstrafe in H\u00f6he der vereinbarten oder, mangels Vereinbarung, der angemessenen Verg\u00fctung zu fordern, mindestens jedoch 500 \u20ac. Die Geltendmachung eines weitergehenden Schadensersatzanspruchs bleibt hiervon unber\u00fchrt.<\/p>\n<h3><b>\u00a7 10 Schlussbestimmungen\u00a0<\/b><\/h3>\n<p>(1) Es gilt das Recht der Bundesrepublik Deutschland unter Ausschluss des UN- Kaufrechts.<\/p>\n<p>(2) \u00a0Sollte eine Bestimmung dieses Vertrages ganz oder teilweise unwirksam oder undurchf\u00fchrbar sein oder werden, so wird dadurch die G\u00fcltigkeit der \u00fcbrigen Bestimmungen dieses Vertrages nicht ber\u00fchrt. Das Gleiche gilt, wenn und soweit sich in diesem Vertrag eine L\u00fccke herausstellen sollte. Anstelle der unwirksamen oder undurchf\u00fchrbaren Bestimmung oder zur Ausf\u00fcllung der L\u00fccke soll eine angemessene Regelung gelten, die, soweit rechtlich m\u00f6glich, dem am n\u00e4chsten kommt oder entspricht, was die Parteien wirtschaftlich gewollt haben oder nach dem Sinn und Zweck dieses Vertrages gewollt h\u00e4tten, sofern sie diesen Punkt bedacht h\u00e4tten.<\/p>\n<p>(3) \u00a0Soweit die Parteien Vollkaufleute im Sinne des Handelsgesetzbuches, juristische Person des \u00f6ffentlichen Rechts oder \u00f6ffentlich-rechtliches Sonderverm\u00f6gen sind, ist f\u00fcr alle sich aus diesem Vertragsverh\u00e4ltnis unmittelbar oder mittelbar ergebenen Streitigkeiten das Amtsgericht bzw. Landgericht ausschlie\u00dflich zust\u00e4ndig, an dem der Fotograf seinen allgemeinen Gerichtstand hat. Zwingende gesetzliche Bestimmungen \u00fcber ausschlie\u00dfliche Gerichtsst\u00e4nde bleiben von dieser Regelung unber\u00fchrt.<\/p>\n","protected":false},"excerpt":{"rendered":"<p>F\u00fcr alle Vertragsschl\u00fcsse zwischen mir (im Folgenden \u201eDienstleister\u201c) und Dir  [&#8230;]<\/p>\n","protected":false},"author":1,"featured_media":0,"parent":0,"menu_order":0,"comment_status":"closed","ping_status":"closed","template":"","meta":{"footnotes":""},"class_list":["post-99","page","type-page","status-publish","hentry"],"yoast_head":"<!-- This site is optimized with the Yoast SEO plugin v27.5 - https:\/\/yoast.com\/product\/yoast-seo-wordpress\/ -->\n<title>Allgemeine Gesch\u00e4ftsbeingungen<\/title>\n<meta name=\"description\" content=\"hier findest du die Allgemeinen Gesch\u00e4ftsbedingungen (AGB) zu meinem Service\" \/>\n<meta name=\"robots\" content=\"index, follow, max-snippet:-1, max-image-preview:large, max-video-preview:-1\" \/>\n<link rel=\"canonical\" href=\"https:\/\/aktiv-fotobox.de\/?page_id=99\" \/>\n<meta property=\"og:locale\" content=\"de_DE\" \/>\n<meta property=\"og:type\" content=\"article\" \/>\n<meta property=\"og:title\" content=\"Allgemeine Gesch\u00e4ftsbeingungen\" \/>\n<meta property=\"og:description\" content=\"hier findest du die Allgemeinen Gesch\u00e4ftsbedingungen (AGB) zu meinem Service\" \/>\n<meta property=\"og:url\" content=\"https:\/\/aktiv-fotobox.de\/?page_id=99\" \/>\n<meta property=\"og:site_name\" content=\"Fotobox\" \/>\n<meta property=\"article:modified_time\" content=\"2026-02-14T11:46:55+00:00\" \/>\n<meta name=\"twitter:card\" content=\"summary_large_image\" \/>\n<meta name=\"twitter:label1\" content=\"Gesch\u00e4tzte Lesezeit\" \/>\n\t<meta name=\"twitter:data1\" content=\"9\u00a0Minuten\" \/>\n<script type=\"application\/ld+json\" class=\"yoast-schema-graph\">{\"@context\":\"https:\\\/\\\/schema.org\",\"@graph\":[{\"@type\":\"WebPage\",\"@id\":\"https:\\\/\\\/aktiv-fotobox.de\\\/?page_id=99\",\"url\":\"https:\\\/\\\/aktiv-fotobox.de\\\/?page_id=99\",\"name\":\"Allgemeine Gesch\u00e4ftsbeingungen\",\"isPartOf\":{\"@id\":\"https:\\\/\\\/aktiv-fotobox.de\\\/#website\"},\"datePublished\":\"2026-02-10T18:28:48+00:00\",\"dateModified\":\"2026-02-14T11:46:55+00:00\",\"description\":\"hier findest du die Allgemeinen Gesch\u00e4ftsbedingungen (AGB) zu meinem Service\",\"breadcrumb\":{\"@id\":\"https:\\\/\\\/aktiv-fotobox.de\\\/?page_id=99#breadcrumb\"},\"inLanguage\":\"de\",\"potentialAction\":[{\"@type\":\"ReadAction\",\"target\":[\"https:\\\/\\\/aktiv-fotobox.de\\\/?page_id=99\"]}]},{\"@type\":\"BreadcrumbList\",\"@id\":\"https:\\\/\\\/aktiv-fotobox.de\\\/?page_id=99#breadcrumb\",\"itemListElement\":[{\"@type\":\"ListItem\",\"position\":1,\"name\":\"Start\",\"item\":\"https:\\\/\\\/aktiv-fotobox.de\\\/\"},{\"@type\":\"ListItem\",\"position\":2,\"name\":\"Allgemeine Gesch\u00e4ftsbeingungen\"}]},{\"@type\":\"WebSite\",\"@id\":\"https:\\\/\\\/aktiv-fotobox.de\\\/#website\",\"url\":\"https:\\\/\\\/aktiv-fotobox.de\\\/\",\"name\":\"Fotobox\",\"description\":\"meine Fotobox mieten\",\"potentialAction\":[{\"@type\":\"SearchAction\",\"target\":{\"@type\":\"EntryPoint\",\"urlTemplate\":\"https:\\\/\\\/aktiv-fotobox.de\\\/?s={search_term_string}\"},\"query-input\":{\"@type\":\"PropertyValueSpecification\",\"valueRequired\":true,\"valueName\":\"search_term_string\"}}],\"inLanguage\":\"de\"}]}<\/script>\n<!-- \/ Yoast SEO plugin. -->","yoast_head_json":{"title":"Allgemeine Gesch\u00e4ftsbeingungen","description":"hier findest du die Allgemeinen Gesch\u00e4ftsbedingungen (AGB) zu meinem Service","robots":{"index":"index","follow":"follow","max-snippet":"max-snippet:-1","max-image-preview":"max-image-preview:large","max-video-preview":"max-video-preview:-1"},"canonical":"https:\/\/aktiv-fotobox.de\/?page_id=99","og_locale":"de_DE","og_type":"article","og_title":"Allgemeine Gesch\u00e4ftsbeingungen","og_description":"hier findest du die Allgemeinen Gesch\u00e4ftsbedingungen (AGB) zu meinem Service","og_url":"https:\/\/aktiv-fotobox.de\/?page_id=99","og_site_name":"Fotobox","article_modified_time":"2026-02-14T11:46:55+00:00","twitter_card":"summary_large_image","twitter_misc":{"Gesch\u00e4tzte Lesezeit":"9\u00a0Minuten"},"schema":{"@context":"https:\/\/schema.org","@graph":[{"@type":"WebPage","@id":"https:\/\/aktiv-fotobox.de\/?page_id=99","url":"https:\/\/aktiv-fotobox.de\/?page_id=99","name":"Allgemeine Gesch\u00e4ftsbeingungen","isPartOf":{"@id":"https:\/\/aktiv-fotobox.de\/#website"},"datePublished":"2026-02-10T18:28:48+00:00","dateModified":"2026-02-14T11:46:55+00:00","description":"hier findest du die Allgemeinen Gesch\u00e4ftsbedingungen (AGB) zu meinem Service","breadcrumb":{"@id":"https:\/\/aktiv-fotobox.de\/?page_id=99#breadcrumb"},"inLanguage":"de","potentialAction":[{"@type":"ReadAction","target":["https:\/\/aktiv-fotobox.de\/?page_id=99"]}]},{"@type":"BreadcrumbList","@id":"https:\/\/aktiv-fotobox.de\/?page_id=99#breadcrumb","itemListElement":[{"@type":"ListItem","position":1,"name":"Start","item":"https:\/\/aktiv-fotobox.de\/"},{"@type":"ListItem","position":2,"name":"Allgemeine Gesch\u00e4ftsbeingungen"}]},{"@type":"WebSite","@id":"https:\/\/aktiv-fotobox.de\/#website","url":"https:\/\/aktiv-fotobox.de\/","name":"Fotobox","description":"meine Fotobox mieten","potentialAction":[{"@type":"SearchAction","target":{"@type":"EntryPoint","urlTemplate":"https:\/\/aktiv-fotobox.de\/?s={search_term_string}"},"query-input":{"@type":"PropertyValueSpecification","valueRequired":true,"valueName":"search_term_string"}}],"inLanguage":"de"}]}},"_links":{"self":[{"href":"https:\/\/aktiv-fotobox.de\/index.php?rest_route=\/wp\/v2\/pages\/99","targetHints":{"allow":["GET"]}}],"collection":[{"href":"https:\/\/aktiv-fotobox.de\/index.php?rest_route=\/wp\/v2\/pages"}],"about":[{"href":"https:\/\/aktiv-fotobox.de\/index.php?rest_route=\/wp\/v2\/types\/page"}],"author":[{"embeddable":true,"href":"https:\/\/aktiv-fotobox.de\/index.php?rest_route=\/wp\/v2\/users\/1"}],"replies":[{"embeddable":true,"href":"https:\/\/aktiv-fotobox.de\/index.php?rest_route=%2Fwp%2Fv2%2Fcomments&post=99"}],"version-history":[{"count":5,"href":"https:\/\/aktiv-fotobox.de\/index.php?rest_route=\/wp\/v2\/pages\/99\/revisions"}],"predecessor-version":[{"id":205,"href":"https:\/\/aktiv-fotobox.de\/index.php?rest_route=\/wp\/v2\/pages\/99\/revisions\/205"}],"wp:attachment":[{"href":"https:\/\/aktiv-fotobox.de\/index.php?rest_route=%2Fwp%2Fv2%2Fmedia&parent=99"}],"curies":[{"name":"wp","href":"https:\/\/api.w.org\/{rel}","templated":true}]}}